{"id":12304,"date":"2021-08-10T12:08:37","date_gmt":"2021-08-10T12:08:37","guid":{"rendered":"https:\/\/mycor.iam.inrae.fr\/ARBRE\/?page_id=12304"},"modified":"2022-09-20T13:44:44","modified_gmt":"2022-09-20T13:44:44","slug":"projets-de-these-en-cours","status":"publish","type":"page","link":"https:\/\/mycor.iam.inrae.fr\/ARBRE\/?page_id=12304","title":{"rendered":"Projets de th\u00e8ses du LabEx"},"content":{"rendered":"<p><u>Projets de th\u00e8ses financ\u00e9s ou co-financ\u00e9s par le LabEx ARBRE actuellement en cours<\/u> :<\/p>\n<ul>\n<li><strong>ADIKURNIA Ignatius Krisita<\/strong> &#8211; UMR Silva<br \/>\n<em><u>Sujet de th\u00e8se<\/u> : Dynamique intra-annuelle de la s\u00e9questration du carbone et du d\u00e9p\u00f4t de lignine dans les essences de bois tendre et de bois dur des for\u00eats temp\u00e9r\u00e9es<\/em><br \/>\n10\/2020-09\/2023<\/li>\n<\/ul>\n<ul>\n<li><strong>CHOUFA Caroline<\/strong> &#8211; UMR Dynamic<br \/>\n<em><u>Sujet de th\u00e8se<\/u><\/em>: <em>Interaction entre le transfert lat\u00e9ral de g\u00e8nes chez les bact\u00e9ries et le fonctionnement de la rhizosph\u00e8re<\/em><br \/>\n10\/2018-09\/2021<\/li>\n<\/ul>\n<ul>\n<li><strong>DELPOUVE No\u00e9mie<\/strong> &#8211; UMR Silva<br \/>\n<em><u>Sujet de th\u00e8se<\/u><\/em>: <em>Reconstruire, comprendre et mod\u00e9liser la dynamique des for\u00eats subalpines pour favoriser la s\u00e9questration du carbone, la conservation de la biodiversit\u00e9 et la protection des infrastructures<\/em><br \/>\n11\/2021-10\/2024<\/li>\n<\/ul>\n<ul>\n<li><strong>DUONG HO Kim Trinh<\/strong> &#8211; ONF<br \/>\n<em><u>Sujet de th\u00e8se<\/u><\/em>: <em>Echantillonnage dynamique et inf\u00e9rence pour un monitoring intelligent des for\u00eats, application \u00e0 l&rsquo;inventaire Forestier National Fran\u00e7ais<\/em><br \/>\n12\/2021-11\/2024<\/li>\n<\/ul>\n<ul>\n<li><strong>KANELLOS Charis Ana\u00efs<\/strong> \u2013 UMR BETA<br \/>\n<em><u>Sujet de th\u00e8se<\/u> : Accounting for land use dynamics in the calculation of carbon substitution by wood products<\/em><br \/>\n11\/2021-10\/2024<\/li>\n<\/ul>\n<ul>\n<li><strong>LINTZ Julie<\/strong> \u2013 UMR IAM<br \/>\n<em><u>Sujet de th\u00e8se<\/u> : Caract\u00e9risation et valorisation des peptides de d\u00e9fense des arbres de la famille des Salicaceae<\/em><br \/>\n10\/2020-09\/2023<\/li>\n<\/ul>\n<ul>\n<li><strong>MATHIEU Valentin<\/strong> \u2013 UMR BETA<br \/>\n<u>Sujet de th\u00e8se<\/u> : <em>Les r\u00e9seaux urbains mondiaux : une nouvelle approche de mod\u00e9lisation de l&rsquo;\u00e9conomie mondiale du bois<\/em><br \/>\n10\/2020-09\/2023<\/li>\n<\/ul>\n<ul>\n<li><strong>MORETTE Laure<\/strong> \u2013 UMR IAM<br \/>\n<em><u>Sujet de th\u00e8se<\/u> : Looking for Glutathione Transferase substrates and ligands<\/em><br \/>\n10\/2021-09\/2024<\/li>\n<\/ul>\n<p><a href=\"https:\/\/mycor.iam.inrae.fr\/ARBRE\/wp-content\/uploads\/2021\/08\/Soutenance-de-these.jpg\"><img loading=\"lazy\" decoding=\"async\" class=\"size-thumbnail wp-image-12305 alignleft\" src=\"https:\/\/mycor.iam.inrae.fr\/ARBRE\/wp-content\/uploads\/2021\/08\/Soutenance-de-these-150x150.jpg\" alt=\"\" width=\"150\" height=\"150\" srcset=\"https:\/\/mycor.iam.inrae.fr\/ARBRE\/wp-content\/uploads\/2021\/08\/Soutenance-de-these-150x150.jpg 150w, https:\/\/mycor.iam.inrae.fr\/ARBRE\/wp-content\/uploads\/2021\/08\/Soutenance-de-these-50x50.jpg 50w\" sizes=\"auto, (max-width: 150px) 100vw, 150px\" \/><\/a><\/p>\n<p>&nbsp;<\/p>\n<p><span style=\"color: #800080;\"><em><strong><a style=\"color: #800080;\" href=\"https:\/\/mycor.iam.inrae.fr\/ARBRE\/?page_id=933\">Ils ont soutenu leur th\u00e8se <\/a><\/strong><\/em><\/span><\/p>\n<p>&nbsp;<\/p>\n","protected":false},"excerpt":{"rendered":"<p>Projets de th\u00e8ses financ\u00e9s ou co-financ\u00e9s par le LabEx ARBRE actuellement en cours : ADIKURNIA Ignatius Krisita &#8211; UMR Silva Sujet de th\u00e8se : Dynamique intra-annuelle de la s\u00e9questration du carbone et du d\u00e9p\u00f4t de lignine dans les essences de &hellip; <a href=\"https:\/\/mycor.iam.inrae.fr\/ARBRE\/?page_id=12304\">Continuer la lecture <span class=\"meta-nav\">&rarr;<\/span><\/a><\/p>\n","protected":false},"author":9,"featured_media":0,"parent":0,"menu_order":0,"comment_status":"closed","ping_status":"closed","template":"","meta":{"footnotes":""},"class_list":["post-12304","page","type-page","status-publish","hentry"],"_links":{"self":[{"href":"https:\/\/mycor.iam.inrae.fr\/ARBRE\/index.php?rest_route=\/wp\/v2\/pages\/12304","targetHints":{"allow":["GET"]}}],"collection":[{"href":"https:\/\/mycor.iam.inrae.fr\/ARBRE\/index.php?rest_route=\/wp\/v2\/pages"}],"about":[{"href":"https:\/\/mycor.iam.inrae.fr\/ARBRE\/index.php?rest_route=\/wp\/v2\/types\/page"}],"author":[{"embeddable":true,"href":"https:\/\/mycor.iam.inrae.fr\/ARBRE\/index.php?rest_route=\/wp\/v2\/users\/9"}],"replies":[{"embeddable":true,"href":"https:\/\/mycor.iam.inrae.fr\/ARBRE\/index.php?rest_route=%2Fwp%2Fv2%2Fcomments&post=12304"}],"version-history":[{"count":0,"href":"https:\/\/mycor.iam.inrae.fr\/ARBRE\/index.php?rest_route=\/wp\/v2\/pages\/12304\/revisions"}],"wp:attachment":[{"href":"https:\/\/mycor.iam.inrae.fr\/ARBRE\/index.php?rest_route=%2Fwp%2Fv2%2Fmedia&parent=12304"}],"curies":[{"name":"wp","href":"https:\/\/api.w.org\/{rel}","templated":true}]}}