{"id":12463,"date":"2022-02-18T14:10:51","date_gmt":"2022-02-18T14:10:51","guid":{"rendered":"https:\/\/mycor.iam.inrae.fr\/ARBRE\/?page_id=12463"},"modified":"2024-07-30T14:20:16","modified_gmt":"2024-07-30T14:20:16","slug":"projets-de-recherche-incitatifs","status":"publish","type":"page","link":"https:\/\/mycor.iam.inrae.fr\/ARBRE\/?page_id=12463","title":{"rendered":"Projets de recherche Incitatifs"},"content":{"rendered":"<h1><a href=\"https:\/\/mycor.iam.inrae.fr\/ARBRE\/?attachment_id=9182\" rel=\"attachment wp-att-9182\"><img loading=\"lazy\" decoding=\"async\" class=\"alignleft size-full wp-image-9182\" src=\"https:\/\/mycor.iam.inrae.fr\/ARBRE\/wp-content\/uploads\/2013\/01\/projets-incitatifs.png\" alt=\"\" width=\"980\" height=\"118\" \/><\/a><\/h1>\n<p><strong>Projets soutenus dans le cadre des Appels \u00e0 Projet A<\/strong><strong>nnuels (AAP) :<\/strong><\/p>\n<pre><span style=\"color: #800000;\"><strong>AAP 2012<\/strong><\/span><\/pre>\n<ul>\n<li><strong>CoMicSoft<\/strong>:Vers la compr\u00e9hension des dialogues microbiens dans les sols forestiers : \u00e9tude des \u00e9changes m\u00e9taboliques entre Streptomyces et Pseudomonas<em><em> &#8211; <span style=\"color: #ff9900;\"><a style=\"color: #ff9900;\" href=\"https:\/\/mycor.iam.inrae.fr\/ARBRE\/?page_id=376\" target=\"_blank\" rel=\"noopener noreferrer\">Rapport<\/a><\/span><\/em><\/em><\/li>\n<\/ul>\n<ul>\n<li><strong>DETPOP<\/strong>: \u00c9tude des r\u00e9ponses de d\u00e9toxication du Peuplier soumis \u00e0 un stress oxydant g\u00e9n\u00e9r\u00e9 par la s\u00e9cheresse ou par l\u2019ozone : r\u00f4le du m\u00e9tabolisme du glutathion &#8211;<span style=\"color: #3366ff;\"><em> <a style=\"color: #3366ff;\" href=\"https:\/\/mycor.iam.inrae.fr\/ARBRE\/wp-content\/uploads\/2020\/07\/DETPOP.pdf\" class=\"mtli_attachment mtli_pdf\" target=\"_blank\" rel=\"noopener noreferrer\">Projet<\/a><br \/>\n<\/em><\/span><\/li>\n<\/ul>\n<ul>\n<li><strong>GRECOR: \u00a0<\/strong>Dynamique Spatiale des Corridors Verts, cas des For\u00eats en France\u00a0\u00a0 <em>&#8211; <span style=\"color: #ff9900;\"><a style=\"color: #ff9900;\" href=\"https:\/\/mycor.iam.inrae.fr\/ARBRE\/wp-content\/uploads\/2020\/09\/GRECOR_FR.pdf\" class=\"mtli_attachment mtli_pdf\" target=\"_blank\" rel=\"noopener noreferrer\">Rapport<\/a><\/span><br \/>\n<\/em><\/li>\n<\/ul>\n<ul>\n<li><strong>PopGST<\/strong>: Etude structure-fonction de prot\u00e9ines impliqu\u00e9es dans les m\u00e9canismes de r\u00e9sistance aux stress chez l\u2019arbre mod\u00e8le <em>Populus trichocarpa\u00a0\u00a0 &#8211; <span style=\"color: #ff9900;\"><a style=\"color: #ff9900;\" href=\"https:\/\/mycor.iam.inrae.fr\/ARBRE\/wp-content\/uploads\/2020\/09\/POPGST_FR.pdf\" class=\"mtli_attachment mtli_pdf\" target=\"_blank\" rel=\"noopener noreferrer\">Rapport<\/a><br \/>\n<\/span><\/em><\/li>\n<\/ul>\n<ul>\n<li><strong>ROOTex<\/strong><a title=\"PopGST\" href=\"https:\/\/mycor.iam.inrae.fr\/ARBRE\/?page_id=830\">: <\/a>Implication des facteurs de transcription dans l\u2019orchestration de la croissance racinaire\u00a0\u00a0<span style=\"color: #3366ff;\"><em> <span style=\"color: #ff9900;\"><a style=\"color: #ff9900;\" href=\"https:\/\/mycor.iam.inrae.fr\/ARBRE\/wp-content\/uploads\/2020\/09\/ROOTex_FR.pdf\" class=\"mtli_attachment mtli_pdf\" target=\"_blank\" rel=\"noopener noreferrer\">Rapport<\/a><\/span><\/em><\/span><\/li>\n<\/ul>\n<pre><span style=\"color: #800000;\"><strong>APP 2013<\/strong><\/span><\/pre>\n<ul>\n<li><strong>AGRO-TCR<\/strong>: La mise en place d\u2019un dispositif atelier agro-forestier \u00e0 Champenoux: optimiser la productivit\u00e9 et la durabilit\u00e9 des syst\u00e8mes intensifs de culture gr\u00e2ce \u00e0 la fixation symbiotique de l\u2019azote\u00a0\u00a0<em><em> &#8211; <span style=\"color: #ff9900;\"><a style=\"color: #ff9900;\" href=\"https:\/\/mycor.iam.inrae.fr\/ARBRE\/wp-content\/uploads\/2020\/09\/Agro-TCR_FR.pdf\" class=\"mtli_attachment mtli_pdf\" target=\"_blank\" rel=\"noopener noreferrer\">Rapport<\/a><\/span><\/em><\/em><\/li>\n<\/ul>\n<ul>\n<li><strong>ControlTruf<\/strong>: Mise au point du contr\u00f4le mol\u00e9culaire de l\u2019inoculum fongique dans le cadre de la licence truffe noire et sexage des plants truffiers produits par les licenci\u00e9s\u00a0<em> &#8211; <span style=\"color: #ff9900;\"><a style=\"color: #ff9900;\" href=\"https:\/\/mycor.iam.inrae.fr\/ARBRE\/wp-content\/uploads\/2020\/09\/ControlTruf_FR.pdf\" class=\"mtli_attachment mtli_pdf\" target=\"_blank\" rel=\"noopener noreferrer\">Rapport<\/a><br \/>\n<\/span><\/em><\/li>\n<\/ul>\n<ul>\n<li><strong>EffectER<\/strong>: \u00c0 la recherche de prot\u00e9ines effectrices symbiose dans le champignon d\u2019endomycorhizes \u00e9rico\u00efdes Oidiodendron maius\u00a0<em> &#8211;<span style=\"color: #3366ff;\"> <span style=\"color: #ff9900;\"><a style=\"color: #ff9900;\" href=\"https:\/\/mycor.iam.inrae.fr\/ARBRE\/wp-content\/uploads\/2020\/09\/EffectER_FR.pdf\" class=\"mtli_attachment mtli_pdf\" target=\"_blank\" rel=\"noopener noreferrer\">Rapport<\/a><br \/>\n<\/span><\/span><\/em><\/li>\n<\/ul>\n<ul>\n<li><strong>EWOC <\/strong><strong>\u2013 Biosensor<\/strong>:\u00a0 D\u00e9velopper des m\u00e9thodes biologiques de d\u00e9tection de la d\u00e9gradation pr\u00e9coce du bois mat\u00e9riau<em> &#8211; <span style=\"color: #ff9900;\"><a style=\"color: #ff9900;\" href=\"https:\/\/mycor.iam.inrae.fr\/ARBRE\/wp-content\/uploads\/2020\/09\/EWoC%20Biosensor_FR.pdf\" class=\"mtli_attachment mtli_pdf\" target=\"_blank\" rel=\"noopener noreferrer\">Rapport<\/a><br \/>\n<\/span><\/em><\/li>\n<\/ul>\n<ul>\n<li><strong>LeafLitterOME<\/strong>: Ecologie mol\u00e9culaire de la d\u00e9composition des liti\u00e8res de feuilles\u00a0<em> <span style=\"color: #ff9900;\"><a style=\"color: #ff9900;\" href=\"https:\/\/mycor.iam.inrae.fr\/ARBRE\/wp-content\/uploads\/2020\/09\/LeafLitterOME_FR.pdf\" class=\"mtli_attachment mtli_pdf\" target=\"_blank\" rel=\"noopener noreferrer\">Rapport<\/a><br \/>\n<\/span><\/em><\/li>\n<\/ul>\n<ul>\n<li><strong>WOOD ForMS<\/strong>: Les m\u00e9canismes de formation du bois soumis \u00e0 des stress\u00a0 \u00a0 <em>&#8211; <span style=\"color: #ff9900;\"><a style=\"color: #ff9900;\" href=\"https:\/\/mycor.iam.inrae.fr\/ARBRE\/wp-content\/uploads\/2020\/09\/WOOD%20FOR%20MS_FR.pdf\" class=\"mtli_attachment mtli_pdf\" target=\"_blank\" rel=\"noopener noreferrer\">Rapport<\/a><\/span><\/em><\/li>\n<\/ul>\n<pre><span style=\"color: #800000;\"><strong>AAP 2014<\/strong><\/span><\/pre>\n<ul>\n<li><strong>BactoTruf<\/strong>: Functional characterization of bacterial communities of the Black truffle Tuber melanosporum along its life cycle\u00a0<em><em> &#8211;<span style=\"color: #3366ff;\"> <span style=\"color: #ff9900;\"><a style=\"color: #ff9900;\" href=\"https:\/\/mycor.iam.inrae.fr\/ARBRE\/wp-content\/uploads\/2020\/09\/BACTOTRUF_FR.pdf\" class=\"mtli_attachment mtli_pdf\" target=\"_blank\" rel=\"noopener noreferrer\">Rapport<\/a><\/span><\/span><\/em><\/em><\/li>\n<\/ul>\n<ul>\n<li><strong>Digital-FRA<\/strong>: Use of digital canopy height models to improved forest resource assessments at the local and regional level\u00a0 <em>&#8211; <span style=\"color: #ff9900;\"><a style=\"color: #ff9900;\" href=\"https:\/\/mycor.iam.inrae.fr\/ARBRE\/wp-content\/uploads\/2020\/09\/Digital-FRA_FR.pdf\" class=\"mtli_attachment mtli_pdf\" target=\"_blank\" rel=\"noopener noreferrer\">Rapport<\/a><br \/>\n<\/span><\/em><\/li>\n<\/ul>\n<ul>\n<li><strong>LeafMap <\/strong>: Long term after-effects of forest management practices <em>&#8211; <span style=\"color: #ff9900;\"><a style=\"color: #ff9900;\" href=\"https:\/\/mycor.iam.inrae.fr\/ARBRE\/wp-content\/uploads\/2020\/09\/LEAFMAP_FR.pdf\" class=\"mtli_attachment mtli_pdf\" target=\"_blank\" rel=\"noopener noreferrer\">Rapport<\/a><br \/>\n<\/span><\/em><\/li>\n<\/ul>\n<ul>\n<li><strong>MIX-Abies<\/strong>: The influence of species interactions on the response of Abies alba\u2018s water-use efficiency to extreme drought events<em>&#8211; <span style=\"color: #ff9900;\"><a style=\"color: #ff9900;\" href=\"https:\/\/mycor.iam.inrae.fr\/ARBRE\/wp-content\/uploads\/2020\/09\/MIX-ABIES_FR.pdf\" class=\"mtli_attachment mtli_pdf\" target=\"_blank\" rel=\"noopener noreferrer\">Rapport<\/a><br \/>\n<\/span><\/em><\/li>\n<\/ul>\n<ul>\n<li><strong>POP-FOAMS<\/strong>: mechanical Performance OPtimisation of tannin-based carbon FOAMS <em>&#8211; <span style=\"color: #3366ff;\"><span style=\"color: #ff9900;\"><a style=\"color: #ff9900;\" href=\"https:\/\/mycor.iam.inrae.fr\/ARBRE\/wp-content\/uploads\/2020\/09\/POP-FOAMS_FR.pdf\" class=\"mtli_attachment mtli_pdf\" target=\"_blank\" rel=\"noopener noreferrer\">Rapport<\/a><\/span><br \/>\n<\/span><\/em><\/li>\n<\/ul>\n<ul>\n<li><strong>QUEDAD<\/strong>: QUantification of Economic Damages and costs of Ash Dieback in France\u00a0<em> &#8211; <span style=\"color: #ff9900;\"><a style=\"color: #ff9900;\" href=\"https:\/\/mycor.iam.inrae.fr\/ARBRE\/wp-content\/uploads\/2020\/09\/QUEDAD_FR.pdf\" class=\"mtli_attachment mtli_pdf\" target=\"_blank\" rel=\"noopener noreferrer\">Rapport<\/a><br \/>\n<\/span><\/em><\/li>\n<\/ul>\n<ul>\n<li><strong>REMIX<\/strong>: REsilience of MIXed beech- Scots pine forests to climate change\u00a0<em> &#8211; <span style=\"color: #ff9900;\"><a style=\"color: #ff9900;\" href=\"https:\/\/mycor.iam.inrae.fr\/ARBRE\/wp-content\/uploads\/2020\/09\/REMIX_14PI20_FR.pdf\" class=\"mtli_attachment mtli_pdf\" target=\"_blank\" rel=\"noopener noreferrer\">Rapport<\/a><br \/>\n<\/span><\/em><\/li>\n<\/ul>\n<ul>\n<li><strong>UPPMR<\/strong>: Use of Physcomitrella patens to generate Mutants of the Redox Systems<em>&#8211; <span style=\"color: #ff9900;\"><a style=\"color: #ff9900;\" href=\"https:\/\/mycor.iam.inrae.fr\/ARBRE\/wp-content\/uploads\/2020\/09\/UPPMR_FR.pdf\" class=\"mtli_attachment mtli_pdf\" target=\"_blank\" rel=\"noopener noreferrer\">Rapport<\/a><br \/>\n<\/span><\/em><\/li>\n<\/ul>\n<ul>\n<li><strong>WOOD-EP-N2<\/strong>: Wood composition of Eucalyptus and Poplar from pure and mixed plantations <em>&#8211; <span style=\"color: #ff9900;\"><a style=\"color: #ff9900;\" href=\"https:\/\/mycor.iam.inrae.fr\/ARBRE\/?page_id=5474\" target=\"_blank\" rel=\"noopener noreferrer\">Rapport<\/a><\/span><\/em><\/li>\n<\/ul>\n<pre><span style=\"color: #800000;\"><strong>AAP 2015<\/strong><\/span><\/pre>\n<ul>\n<li><strong>DROVER<\/strong>: Une r\u00e9duction de la contrainte hydrique permet elle d\u2019expliquer la surproduction des peuplements m\u00e9lang\u00e9s <em>Fagus sylvatica<\/em> et <em>Pinus sylvestris<\/em> en Europe? <em>&#8211; <span style=\"color: #ff9900;\"><a style=\"color: #ff9900;\" href=\"https:\/\/mycor.iam.inrae.fr\/ARBRE\/wp-content\/uploads\/2020\/09\/Drover_FR.pdf\" class=\"mtli_attachment mtli_pdf\" target=\"_blank\" rel=\"noopener noreferrer\">Rapport<\/a><br \/>\n<\/span><\/em><\/li>\n<\/ul>\n<ul>\n<li><strong>EIFFEL<\/strong>: Experimental Initiative for the Future of Forest Ecosystems in France &#8211; <span style=\"color: #ff9900;\"><em><a style=\"color: #ff9900;\" href=\"https:\/\/mycor.iam.inrae.fr\/ARBRE\/wp-content\/uploads\/2022\/08\/EIFFEL_rapport_FR.pdf\" class=\"mtli_attachment mtli_pdf\">Rapport<\/a><\/em><\/span><\/li>\n<\/ul>\n<ul>\n<li><strong>FUNMINWOOD<\/strong>: Minerals in Wood: What is their role in the fungal decay process? <em>&#8211; <span style=\"color: #ff9900;\"><a style=\"color: #ff9900;\" href=\"https:\/\/mycor.iam.inrae.fr\/ARBRE\/wp-content\/uploads\/2020\/09\/FUNMINWOOD_FR.pdf\" class=\"mtli_attachment mtli_pdf\" target=\"_blank\" rel=\"noopener noreferrer\">Rapport<\/a><br \/>\n<\/span><\/em><\/li>\n<\/ul>\n<ul>\n<li><span style=\"color: #000000;\"><strong>FORECOST<\/strong>:<\/span> La fourniture des services \u00e9cosyst\u00e9miques de la for\u00eat : une approche de co\u00fbt duale &#8211; <em><span style=\"color: #ff6600;\"><a style=\"color: #ff6600;\" href=\"https:\/\/mycor.iam.inrae.fr\/ARBRE\/wp-content\/uploads\/2021\/07\/Rapports_2021_pdf\/FORECOST_rapport_FR.pdf\" class=\"mtli_attachment mtli_pdf\" target=\"_blank\" rel=\"noopener\"><span style=\"color: #ff9900;\">Rapport<\/span><\/a><\/span><\/em><\/li>\n<\/ul>\n<ul>\n<li><strong>FORMOUV<\/strong>: ExpoMobile \u201cLa for\u00eat en movement\u201d <em>&#8211; <span style=\"color: #ff9900;\"><a style=\"color: #ff9900;\" href=\"https:\/\/mycor.iam.inrae.fr\/ARBRE\/wp-content\/uploads\/2020\/09\/FORMOUV_FR.pdf\" class=\"mtli_attachment mtli_pdf\" target=\"_blank\" rel=\"noopener noreferrer\">Rapport<\/a><br \/>\n<\/span><\/em><\/li>\n<\/ul>\n<ul>\n<li><strong>GLUP<\/strong>: R\u00e9serves Glucidiques des Perches <em>&#8211; <span style=\"color: #ff9900;\"><a style=\"color: #ff9900;\" href=\"https:\/\/mycor.iam.inrae.fr\/ARBRE\/wp-content\/uploads\/2020\/09\/GLUP_FR.pdf\" class=\"mtli_attachment mtli_pdf\" target=\"_blank\" rel=\"noopener noreferrer\">Rapport<\/a><br \/>\n<\/span><\/em><\/li>\n<\/ul>\n<ul>\n<li><strong>NITROBEECH<\/strong>: How do severe drought and defoliation alter nitrogen cycle in beech trees?\u00a0 <em>&#8211; <span style=\"color: #ff9900;\"><a style=\"color: #ff9900;\" href=\"https:\/\/mycor.iam.inrae.fr\/ARBRE\/wp-content\/uploads\/2020\/09\/NITROBEECH_FR.pdf\" class=\"mtli_attachment mtli_pdf\" target=\"_blank\" rel=\"noopener noreferrer\">Rapport<\/a><\/span><\/em><\/li>\n<\/ul>\n<ul>\n<li><strong>WIND-IN-WOOD<\/strong>: Diversit\u00e9 intersp\u00e9cifique des strat\u00e9gies de r\u00e9sistance au vent entre essences temp\u00e9r\u00e9es : quel est le r\u00f4le des variations radiales des propri\u00e9t\u00e9s m\u00e9caniques du bois dans les diff\u00e9rents organes de l\u2019arbre?\u00a0<em> &#8211; <span style=\"color: #ff9900;\"><a style=\"color: #ff9900;\" href=\"https:\/\/mycor.iam.inrae.fr\/ARBRE\/wp-content\/uploads\/2020\/09\/Wind-in-wood_FR.pdf\" class=\"mtli_attachment mtli_pdf\" target=\"_blank\" rel=\"noopener noreferrer\">Rapport<\/a><br \/>\n<\/span><\/em><\/li>\n<\/ul>\n<ul>\n<li><strong>WOGRAFTAN<\/strong>: Water impervious oil-grafted tannin foams <em>&#8211; <span style=\"color: #ff9900;\"><a style=\"color: #ff9900;\" href=\"https:\/\/mycor.iam.inrae.fr\/ARBRE\/wp-content\/uploads\/2021\/07\/Rapports_2021_pdf\/WOGRAFTAN_rapport_FR.pdf\" class=\"mtli_attachment mtli_pdf\" target=\"_blank\" rel=\"noopener\">Rapport<\/a><\/span><\/em><\/li>\n<\/ul>\n<pre><span style=\"color: #800000;\"><strong>AAP 2016<\/strong><\/span><\/pre>\n<ul>\n<li><strong>ADFORIX<\/strong>: Adaptation to climate change : Forest owners\u2019 risk attitude and perception\u00a0 <em><em>&#8211; <span style=\"color: #ff9900;\"><a style=\"color: #ff9900;\" href=\"https:\/\/mycor.iam.inrae.fr\/ARBRE\/wp-content\/uploads\/2020\/09\/ADFORIX_FR.pdf\" class=\"mtli_attachment mtli_pdf\" target=\"_blank\" rel=\"noopener noreferrer\">Rapport<\/a><\/span><\/em><\/em><\/li>\n<\/ul>\n<ul>\n<li><strong>BILEUROPE<\/strong>: Soil properties from geographic databases : a prerequisite for soil water balance mapping in European Forests\u00a0<em> <span style=\"color: #ff9900;\"><a style=\"color: #ff9900;\" href=\"https:\/\/mycor.iam.inrae.fr\/ARBRE\/wp-content\/uploads\/2020\/09\/BILEUROPE_FR.pdf\" class=\"mtli_attachment mtli_pdf\" target=\"_blank\" rel=\"noopener noreferrer\">Rapport<\/a><br \/>\n<\/span><\/em><\/li>\n<\/ul>\n<ul>\n<li><strong>DOPALEP<\/strong>: D\u00e9veloppement d\u2019outils partag\u00e9s pour la sylviculture de pind\u2019Alep de qualit\u00e9 <em>&#8211; <span style=\"color: #ff9900;\"><a style=\"color: #ff9900;\" href=\"https:\/\/mycor.iam.inrae.fr\/ARBRE\/wp-content\/uploads\/2020\/09\/DOPALEP_FR.pdf\" class=\"mtli_attachment mtli_pdf\" target=\"_blank\" rel=\"noopener noreferrer\">Rapport<\/a><br \/>\n<\/span><\/em><\/li>\n<\/ul>\n<ul>\n<li><strong>FEM-FIRE<\/strong>: Finite element modeling for fire resistance of timber composite panels\u00a0<em> &#8211; <span style=\"color: #ff9900;\"><a style=\"color: #ff9900;\" href=\"https:\/\/mycor.iam.inrae.fr\/ARBRE\/wp-content\/uploads\/2020\/09\/FEMFIRE_FR.pdf\" class=\"mtli_attachment mtli_pdf\" target=\"_blank\" rel=\"noopener noreferrer\">Rapport<\/a><br \/>\n<\/span><\/em><\/li>\n<\/ul>\n<ul>\n<li><strong>FERPAR<\/strong>:\u00a0Identification of plant ferredoxin protein partners\u00a0 <strong>&#8211;<\/strong><em> <span style=\"color: #ff9900;\"><a style=\"color: #ff9900;\" href=\"https:\/\/mycor.iam.inrae.fr\/ARBRE\/wp-content\/uploads\/2020\/09\/FERPAR_FR.pdf\" class=\"mtli_attachment mtli_pdf\" target=\"_blank\" rel=\"noopener noreferrer\">Rapport<\/a><br \/>\n<\/span><\/em><\/li>\n<\/ul>\n<ul>\n<li><strong>FORMANCLIM<\/strong>: Nouveaux outils pour la caract\u00e9risation stationnelle et le choix de essences \u2013 Application \u00e0 l\u2019am\u00e9nagement forestier en contexte de changement climatique\u00a0 &#8211; <em><span style=\"color: #ff9900;\"><a style=\"color: #ff9900;\" href=\"https:\/\/mycor.iam.inrae.fr\/ARBRE\/wp-content\/uploads\/2021\/07\/Rapports_2021_pdf\/FORMANCLIM_rapport_FR.pdf\" class=\"mtli_attachment mtli_pdf\" target=\"_blank\" rel=\"noopener\">Rapport<\/a><\/span><br \/>\n<\/em><\/li>\n<\/ul>\n<ul>\n<li><strong>ISABEX <\/strong>: Interactions between Saprotrophic Bacteria and the white-rot <em>Phanerochaete chrysosporium<\/em> in presence of wood Extractives<em>&#8211; <span style=\"color: #ff9900;\"><a style=\"color: #ff9900;\" href=\"https:\/\/mycor.iam.inrae.fr\/ARBRE\/wp-content\/uploads\/2020\/09\/ISABEX_FR.pdf\" class=\"mtli_attachment mtli_pdf\" target=\"_blank\" rel=\"noopener noreferrer\">Rapport<\/a><br \/>\n<\/span><\/em><\/li>\n<\/ul>\n<ul>\n<li><strong>SCAN-COMP<\/strong>: Linking crown plasticity to tree growth using terrestrial laser scanning under a gradient of competition conditions\u00a0 <em>&#8211;<\/em>\u00a0<span style=\"color: #3366ff;\"><em><a style=\"color: #3366ff;\" href=\"https:\/\/mycor.iam.inrae.fr\/ARBRE\/?page_id=9114\" target=\"_blank\" rel=\"noopener noreferrer\">Projet<\/a><\/em><\/span><\/li>\n<\/ul>\n<pre><span style=\"color: #800000;\"><strong>AAP 2017<\/strong><\/span><\/pre>\n<ul>\n<li><strong>BiopolyMOS<\/strong>: Fractionation and Characterization of Fungal And Tree Biopolymers during forest MOS degradation <em>&#8211; <span style=\"color: #ff9900;\"><a style=\"color: #ff9900;\" href=\"https:\/\/mycor.iam.inrae.fr\/ARBRE\/wp-content\/uploads\/2020\/09\/BIOPOLYMOS_FR.pdf\" class=\"mtli_attachment mtli_pdf\" target=\"_blank\" rel=\"noopener noreferrer\">Rapport<\/a><br \/>\n<\/span><\/em><\/li>\n<\/ul>\n<ul>\n<li><strong>DivBactO<\/strong>: Characterisation of the taxonomic and functional diversity of bacterial communities isolated from heartwood and sapwood of decaying oak\u00a0 <em>&#8211; <span style=\"color: #ff9900;\"><a style=\"color: #ff9900;\" href=\"https:\/\/mycor.iam.inrae.fr\/ARBRE\/wp-content\/uploads\/2020\/09\/DivBacto_FR.pdf\" class=\"mtli_attachment mtli_pdf\" target=\"_blank\" rel=\"noopener noreferrer\">Rapport<\/a><br \/>\n<\/span><\/em><\/li>\n<\/ul>\n<ul>\n<li><strong>FOREST-TRIP<\/strong>: FORESTry policies design for under climate change: improving Time and RIsk Preferences measures\u00a0<em> &#8211; <span style=\"color: #ff9900;\"><a style=\"color: #ff9900;\" href=\"https:\/\/mycor.iam.inrae.fr\/ARBRE\/wp-content\/uploads\/2020\/09\/Forest-Trip_FR.pdf\" class=\"mtli_attachment mtli_pdf\" target=\"_blank\" rel=\"noopener noreferrer\">Rapport<\/a><br \/>\n<\/span><\/em><\/li>\n<\/ul>\n<ul>\n<li><strong>FORMES<\/strong>: Efficient FORest Management Strategies for Ecosystem Service provision <em>&#8211; <span style=\"color: #ff9900;\"><a style=\"color: #ff9900;\" href=\"https:\/\/mycor.iam.inrae.fr\/ARBRE\/wp-content\/uploads\/2020\/09\/FORMES_FR.pdf\" class=\"mtli_attachment mtli_pdf\" target=\"_blank\" rel=\"noopener noreferrer\">Rapport<\/a><br \/>\n<\/span><\/em><\/li>\n<\/ul>\n<ul>\n<li><strong>L4REX <\/strong>:\u00a0Looking for REX (looking for Phanerochaete chrysosporium mutants Resistant to EXtractives)<em>&#8211; <span style=\"color: #ff9900;\"><span style=\"color: #0000ff;\"><a style=\"color: #0000ff;\" href=\"https:\/\/mycor.iam.inrae.fr\/ARBRE\/wp-content\/uploads\/2020\/07\/L4REX.pdf\" class=\"mtli_attachment mtli_pdf\" target=\"_blank\" rel=\"noopener noreferrer\">Projet<\/a><\/span><br \/>\n<\/span><\/em><\/li>\n<\/ul>\n<ul>\n<li><strong>MycorW<\/strong><strong>eath <\/strong>: Experimental characterization and quantification of the contribution of biological weathering from mycorrhizal fungi to tree nutrition by isotopic dilution<em>&#8211; <span style=\"color: #ff9900;\"><a style=\"color: #ff9900;\" href=\"https:\/\/mycor.iam.inrae.fr\/ARBRE\/wp-content\/uploads\/2020\/09\/MycorrWeath_FR.pdf\" class=\"mtli_attachment mtli_pdf\" target=\"_blank\" rel=\"noopener noreferrer\">Rapport<\/a><\/span><\/em><\/li>\n<\/ul>\n<pre><span style=\"color: #800000;\"><strong>AAP 2018<\/strong><\/span><\/pre>\n<ul>\n<li><strong>BENCHAFOR<\/strong>: BENchmarking applied to FORest cockCHAfor ecology to ensure regeneration in a context of forest health crises\u00a0 <span style=\"color: #ff9900;\"><em><a style=\"color: #ff9900;\" href=\"https:\/\/mycor.iam.inrae.fr\/ARBRE\/wp-content\/uploads\/2020\/09\/Benchafor_FR.pdf\" class=\"mtli_attachment mtli_pdf\" target=\"_blank\" rel=\"noopener noreferrer\">Rapport<\/a><br \/>\n<\/em><\/span><\/li>\n<\/ul>\n<ul>\n<li><strong>Bioval<\/strong>: Bioclimatic modelling of steep-sided valleys in northeastern France\u00a0 \u00a0 <em>&#8211; <span style=\"color: #3366ff;\"><span style=\"color: #ff9900;\"><a style=\"color: #ff9900;\" href=\"https:\/\/mycor.iam.inrae.fr\/ARBRE\/wp-content\/uploads\/2020\/12\/BioVal_FR.pdf\" class=\"mtli_attachment mtli_pdf\" target=\"_blank\" rel=\"noopener noreferrer\">Rapport<\/a><\/span><br \/>\n<\/span><\/em><\/li>\n<\/ul>\n<ul>\n<li><strong>ChemXtraMat<\/strong>: Chemical-modified polyphenolic wood-extract for eco-friendly materials &#8211; <span style=\"color: #ff9900;\"><em><a style=\"color: #ff9900;\" href=\"https:\/\/mycor.iam.inrae.fr\/ARBRE\/wp-content\/uploads\/2022\/08\/Rapports_2022_pdf\/ChemXtraMat_rapp_Fr.pdf\" class=\"mtli_attachment mtli_pdf\" target=\"_blank\" rel=\"noopener\">Rapport<\/a><\/em><\/span><\/li>\n<\/ul>\n<ul>\n<li><strong>CHIBEE<\/strong>: Dendroecological Study of Cedar Forests in Mount Lebanon<\/li>\n<\/ul>\n<ul>\n<li><strong>NUTRRESYM<\/strong>: NUtrient signals in forest Trees Regulating Root growth and Ecto-mycorrhizae SYMbiosis\u00a0<em> &#8211; <span style=\"color: #ff9900;\"><a style=\"color: #ff9900;\" href=\"https:\/\/mycor.iam.inrae.fr\/ARBRE\/wp-content\/uploads\/2022\/08\/Rapports_2022_pdf\/NUTRRESYM_rapp_Fr.pdf\" class=\"mtli_attachment mtli_pdf\" target=\"_blank\" rel=\"noopener\">Rapport<\/a><\/span><\/em><\/li>\n<li><\/li>\n<\/ul>\n<ul>\n<li><strong>PARaDIGM<\/strong>: Role of Poplar defense phytohormones in controlling the root microbiome<b> <\/b><em>&#8211; <span style=\"color: #ff9900;\"><a style=\"color: #ff9900;\" href=\"https:\/\/mycor.iam.inrae.fr\/ARBRE\/wp-content\/uploads\/2020\/09\/PARADIGM_FR.pdf\" class=\"mtli_attachment mtli_pdf\" target=\"_blank\" rel=\"noopener noreferrer\">Rapport<\/a><br \/>\n<\/span><\/em><\/li>\n<\/ul>\n<ul>\n<li><strong>SATIsFor<\/strong>: Characterize and support Sustainable Adaptations in TerrItorial Forestry systems<b> <\/b><em>&#8211; <span style=\"color: #ff9900;\"><a style=\"color: #ff9900;\" href=\"https:\/\/mycor.iam.inrae.fr\/ARBRE\/wp-content\/uploads\/2020\/09\/SATIsFor_FR.pdf\" class=\"mtli_attachment mtli_pdf\" target=\"_blank\" rel=\"noopener noreferrer\">Rapport<\/a><br \/>\n<\/span><\/em><\/li>\n<\/ul>\n<ul>\n<li><strong>TreeD<\/strong>: Transpiration efficiency using 3D canopy structure <strong>\u00a0 <\/strong><em>&#8211; <span style=\"color: #ff9900;\"><a style=\"color: #ff9900;\" href=\"https:\/\/mycor.iam.inrae.fr\/ARBRE\/wp-content\/uploads\/2020\/09\/TreeD_FR.pdf\" class=\"mtli_attachment mtli_pdf\" target=\"_blank\" rel=\"noopener noreferrer\">Rapport<\/a><br \/>\n<\/span><\/em><\/li>\n<\/ul>\n<ul>\n<li><strong>WaterUnWood<\/strong>: Free Water migration within Unsaturated Wood\u00a0 <em>&#8211; <span style=\"color: #ff9900;\"><a style=\"color: #ff9900;\" href=\"https:\/\/mycor.iam.inrae.fr\/ARBRE\/wp-content\/uploads\/2020\/09\/WaterUnWood_FR.pdf\" class=\"mtli_attachment mtli_pdf\" target=\"_blank\" rel=\"noopener noreferrer\">Rapport<\/a><br \/>\n<\/span><\/em><\/li>\n<\/ul>\n<ul>\n<li><strong>WatFluX<\/strong>: Understanding water flux in the xylem, from seasonal dynamics to long-term variations, from xylem cell maturation to forest ecosystems<strong> \u00a0<\/strong><em> &#8211; <span style=\"color: #ff9900;\"><a style=\"color: #ff9900;\" href=\"https:\/\/mycor.iam.inrae.fr\/ARBRE\/wp-content\/uploads\/2021\/07\/Rapports_2021_pdf\/WatFlux-Mod_rapport_FR.pdf\" class=\"mtli_attachment mtli_pdf\" target=\"_blank\" rel=\"noopener\">Rapport<\/a><\/span><\/em><\/li>\n<\/ul>\n<pre><span style=\"color: #800000;\"><strong>AAP 2020<\/strong><\/span><\/pre>\n<ul>\n<li><strong>DEP-HETRE<\/strong> : Study of the beech decline in the Northeastern of France &#8211;<span style=\"color: #0000ff;\"><span style=\"color: #3366ff;\"><i> <span style=\"color: #ff6600;\"><a style=\"color: #ff6600;\" href=\"https:\/\/mycor.iam.inrae.fr\/ARBRE\/wp-content\/uploads\/2024\/06\/DEP-HETRE_20PI07_final-FR.pdf\" class=\"mtli_attachment mtli_pdf\" target=\"_blank\" rel=\"noopener\"><span style=\"color: #ff9900;\">Rapport final<\/span><\/a><\/span><\/i><\/span><\/span><\/li>\n<\/ul>\n<ul>\n<li><strong>GmOX : <\/strong>Mesophyll conductance response to oxidative stress\u00a0 &#8211; <span style=\"color: #3366ff;\"><em><a style=\"color: #3366ff;\" href=\"https:\/\/mycor.iam.inrae.fr\/ARBRE\/wp-content\/uploads\/2020\/10\/GMOX_FR.pdf\" class=\"mtli_attachment mtli_pdf\" target=\"_blank\" rel=\"noopener noreferrer\">Projet<\/a><\/em><\/span><\/li>\n<\/ul>\n<ul>\n<li><strong>InFor : <\/strong>Impact of Information about climate change in Forest &#8211; <span style=\"color: #ff9900;\"><em><a style=\"color: #ff9900;\" href=\"https:\/\/mycor.iam.inrae.fr\/ARBRE\/wp-content\/uploads\/2023\/04\/Incitatifs\/InFor_articleFR.pdf\" class=\"mtli_attachment mtli_pdf\" target=\"_blank\" rel=\"noopener\">Rapport<\/a><\/em><\/span><\/li>\n<\/ul>\n<ul>\n<li><strong>MycorPKS : <\/strong>Isolation, identification, structural and functional characterization of new polyketides produced by the mycorrhizal fungus Oidiodendron maius\u00a0 &#8211; <span style=\"color: #ff6600;\"><em><a style=\"color: #ff6600;\" href=\"https:\/\/mycor.iam.inrae.fr\/ARBRE\/wp-content\/uploads\/2023\/04\/Incitatifs\/MycorPKS_articleFR.pdf\" class=\"mtli_attachment mtli_pdf\"><span style=\"color: #ff9900;\">Rapport<\/span><\/a><\/em><\/span><\/li>\n<\/ul>\n<ul>\n<li><strong>NECROROOT : <\/strong>Deciphering molecular interactions between tree and microorganisms: characterization of an unusual necrotic activity of a Streptomyces strain on poplar roots \u00a0 &#8211; <span style=\"color: #3366ff;\"><em><a style=\"color: #3366ff;\" href=\"https:\/\/mycor.iam.inrae.fr\/ARBRE\/wp-content\/uploads\/2020\/10\/NECROROOT%20FR.pdf\" class=\"mtli_attachment mtli_pdf\" target=\"_blank\" rel=\"noopener noreferrer\">Projet<\/a><\/em><\/span><\/li>\n<\/ul>\n<ul>\n<li><strong>RSA Plasticity :<\/strong>Effect of localised water or mechanical constraints on root system architecture &#8211; <em><span style=\"color: #ff6600;\"><a style=\"color: #ff6600;\" href=\"https:\/\/mycor.iam.inrae.fr\/ARBRE\/wp-content\/uploads\/2022\/08\/Rapports_2022_pdf\/RSA_Plasticity-rapp_interm_Fr.pdf\" class=\"mtli_attachment mtli_pdf\" target=\"_blank\" rel=\"noopener\"><span style=\"color: #ff9900;\">Rapport<\/span><\/a><\/span><\/em><\/li>\n<\/ul>\n<ul>\n<li><strong>TRAP\u00c8ZE : <\/strong>Effect of intra-population functional diversity on the population resilience to drought\u00a0\u00a0 &#8211; <em><span style=\"color: #ff6600;\"><a style=\"color: #ff6600;\" href=\"https:\/\/mycor.iam.inrae.fr\/ARBRE\/wp-content\/uploads\/2023\/04\/Incitatifs\/TRAPEZE_articleFR.pdf\" class=\"mtli_attachment mtli_pdf\" target=\"_blank\" rel=\"noopener\"><span style=\"color: #ff9900;\">Rapport<\/span><\/a><\/span><\/em><\/li>\n<\/ul>\n<ul>\n<li><strong>WoodNF : <\/strong>Exploded wood-based nanofibers for electrospinning technology\u00a0 &#8211; <em><span style=\"color: #ff6600;\"><a style=\"color: #ff6600;\" href=\"https:\/\/mycor.iam.inrae.fr\/ARBRE\/wp-content\/uploads\/2022\/08\/Rapports_2022_pdf\/WoodNF_rapp_Fr.pdf\" class=\"mtli_attachment mtli_pdf\" target=\"_blank\" rel=\"noopener\"><span style=\"color: #ff9900;\">Rapport<\/span><\/a><\/span><\/em><\/li>\n<\/ul>\n<ul>\n<li><strong>WOODSTIC : <\/strong>Valorization of powders or solid wood by the development of inovative and environmentally friendly treatments by chemical modification : design of thermoplastics based on wood\u00a0 &#8211; <span style=\"color: #000080;\"><em><a style=\"color: #000080;\" href=\"https:\/\/mycor.iam.inrae.fr\/ARBRE\/wp-content\/uploads\/2020\/10\/WOODSTIC_FR.pdf\" class=\"mtli_attachment mtli_pdf\" target=\"_blank\" rel=\"noopener noreferrer\"><span style=\"color: #3366ff;\">Projet<\/span><\/a><\/em><\/span><\/li>\n<\/ul>\n<pre><span style=\"color: #800000;\"><strong>AAP 2021<\/strong><\/span><\/pre>\n<ul>\n<li><strong>AC-DCC<\/strong>: Attribute a role to the Conserved and unassigned DCC proteins\u00a0\u00a0<em> &#8211; <span style=\"color: #ff6600;\"><a style=\"color: #ff6600;\" href=\"https:\/\/mycor.iam.inrae.fr\/ARBRE\/wp-content\/uploads\/2023\/04\/Incitatifs\/AC-DCC_articleFR.pdf\" class=\"mtli_attachment mtli_pdf\" target=\"_blank\" rel=\"noopener\"><span style=\"color: #ff9900;\">Rapport<\/span><\/a><\/span><\/em><\/li>\n<\/ul>\n<ul>\n<li><strong>DroughMIC<\/strong>: Drought impact on the diversity, fnction and functioning of the forest microbial communities<em> &#8211; <span style=\"color: #ff6600;\"><a style=\"color: #ff6600;\" href=\"https:\/\/mycor.iam.inrae.fr\/ARBRE\/wp-content\/uploads\/2024\/07\/DroughtMIC_21PI02-Interm-FR.pdf\" class=\"mtli_attachment mtli_pdf\" target=\"_blank\" rel=\"noopener\"><span style=\"color: #ff9900;\">Rapport interm\u00e9diaire<\/span><\/a><\/span><\/em><\/li>\n<\/ul>\n<ul>\n<li><strong>FOREVERS<\/strong>: FOREsts Vulnerability to climate Evolution using Range Shifts of species\u00a0<span style=\"color: #ff9900;\"> <em>&#8211; <a style=\"color: #ff9900;\" href=\"https:\/\/mycor.iam.inrae.fr\/ARBRE\/wp-content\/uploads\/2024\/07\/Forevers_21PI03-Final-FR.pdf\" class=\"mtli_attachment mtli_pdf\" target=\"_blank\" rel=\"noopener\">Rapport final<\/a><\/em><\/span><\/li>\n<\/ul>\n<ul>\n<li><strong>MESSYA <\/strong>: Mapping Ecosystem Service Supply in Conservation Areas\u00a0 <em>&#8211; <span style=\"color: #ff6600;\"><a style=\"color: #ff6600;\" href=\"https:\/\/mycor.iam.inrae.fr\/ARBRE\/wp-content\/uploads\/2023\/04\/Incitatifs\/MESSYA_articleFR.pdf\" class=\"mtli_attachment mtli_pdf\" target=\"_blank\" rel=\"noopener\"><span style=\"color: #ff9900;\">Rapport<\/span><\/a><\/span><\/em><\/li>\n<\/ul>\n<ul>\n<li><strong>PostDroughtNUT<\/strong>: Effect of repeated early drought events on nutrient uptake of beech trees during the post drought period\u00a0 &#8211;\u00a0<span style=\"color: #000080;\"><a style=\"color: #000080;\" href=\"https:\/\/mycor.iam.inrae.fr\/ARBRE\/wp-content\/uploads\/2020\/11\/AAP%20projets\/PostdroughtNut%20project.pdf\" class=\"mtli_attachment mtli_pdf\"><em>Projet<\/em><\/a><\/span><\/li>\n<\/ul>\n<pre><span style=\"color: #993300;\"><strong>AAP 2022<\/strong><\/span><\/pre>\n<ul>\n<li><strong>Aliwen<\/strong> : Impact of environmental and developmental conditions on wood formation dynamics of cordilleran cypress, an endemic tree species of Patagonia threatened by global change &#8211;<span style=\"color: #ff9900;\"> <em><a style=\"color: #ff9900;\" href=\"https:\/\/mycor.iam.inrae.fr\/ARBRE\/wp-content\/uploads\/2024\/06\/Aliwen_22PI01_Final-FR.pdf\" class=\"mtli_attachment mtli_pdf\" target=\"_blank\" rel=\"noopener\">Rapport final<\/a><\/em><\/span><\/li>\n<\/ul>\n<ul>\n<li><strong>BIOFOREV-PAS<\/strong> : Biodiversity and Forest Recreation: Economic Valuation in Protected Natural Areas in Serbia &#8211; <span style=\"color: #ff6600;\"><em><a style=\"color: #ff6600;\" href=\"https:\/\/mycor.iam.inrae.fr\/ARBRE\/wp-content\/uploads\/2024\/06\/BIOFOREV_PAS_22PI02_interm-FR.pdf\" class=\"mtli_attachment mtli_pdf\" target=\"_blank\" rel=\"noopener\"><span style=\"color: #ff9900;\">Rapport interm\u00e9diaire<\/span><\/a><\/em><\/span><\/li>\n<\/ul>\n<ul>\n<li><strong>DECOMPOSE<\/strong> : DEcomposition of Litter COMPOunds for a better constrain of Soil CO2 Effluxes &#8211; <a href=\"https:\/\/mycor.iam.inrae.fr\/ARBRE\/wp-content\/uploads\/2024\/07\/DECOMPOSE_22PI03-Interm-FR.pdf\" class=\"mtli_attachment mtli_pdf\" target=\"_blank\" rel=\"noopener\"><span style=\"color: #ff6600;\"><em><span style=\"color: #ff6600;\"><span style=\"color: #ff9900;\">Rapport interm\u00e9diaire<\/span><\/span><\/em><\/span><\/a><\/li>\n<\/ul>\n<ul>\n<li><strong>DendroEnto<\/strong> : Wood anatomical and isotopes markers for studying the effect of insect defoliation on carbon allocation to growth &#8211; <span style=\"color: #ff9900;\"><em><a style=\"color: #ff9900;\" href=\"https:\/\/mycor.iam.inrae.fr\/ARBRE\/wp-content\/uploads\/2024\/07\/DendroEnto_-22PI04-Interm-FR.pdf\" class=\"mtli_attachment mtli_pdf\" target=\"_blank\" rel=\"noopener\">Rapport interm\u00e9diaire<\/a><\/em><\/span><\/li>\n<\/ul>\n<ul>\n<li><strong>Detoxomics<\/strong> : Understanding the molecular mechanisms of fungal-bacterial-mediated detoxification of preservative treated wood &#8211; <span style=\"color: #0000ff;\"><em><a style=\"color: #0000ff;\" href=\"https:\/\/mycor.iam.inrae.fr\/ARBRE\/wp-content\/uploads\/2024\/06\/Detoxomics_22PI05_final-FR.pdf\" class=\"mtli_attachment mtli_pdf\" target=\"_blank\" rel=\"noopener\"><span style=\"color: #ff6600;\"><span style=\"color: #ff9900;\">Rapport final<\/span><\/span><\/a><\/em><\/span><\/li>\n<\/ul>\n<ul>\n<li><strong>FLOREVER<\/strong> : La dynamique \u00e0 long terme de la v\u00e9g\u00e9tation est-elle d\u00e9termin\u00e9e par les perturbations sylvicoles ? Le cas de la for\u00eat d\u2019Amance <span style=\"color: #0000ff;\"><em>&#8211; <span style=\"color: #ff9900;\"><a style=\"color: #ff9900;\" href=\"https:\/\/mycor.iam.inrae.fr\/ARBRE\/wp-content\/uploads\/2023\/04\/Incitatifs\/FlorEver_articleFR.pdf\" class=\"mtli_attachment mtli_pdf\" target=\"_blank\" rel=\"noopener\">Rapport<\/a><\/span><\/em><\/span><\/li>\n<\/ul>\n<ul>\n<li><strong>FORRESTER<\/strong> : FORest commons and RESourses in the making of TERritorial transitions <span style=\"color: #0000ff;\"><em>&#8211; <span style=\"color: #ff9900;\"><a style=\"color: #ff9900;\" href=\"https:\/\/mycor.iam.inrae.fr\/ARBRE\/wp-content\/uploads\/2024\/06\/FORRESTER_final-FR.pdf\" class=\"mtli_attachment mtli_pdf\" target=\"_blank\" rel=\"noopener\">Rapport final<\/a><\/span><\/em><\/span><\/li>\n<\/ul>\n<ul>\n<li><strong>miR-2-woodex<\/strong> : Exploring the miRnome of the ligninolytic fungus Phanerochaete chrysosporium during wood extractive-induced stress &#8211; <em><span style=\"color: #0000ff;\"><a style=\"color: #0000ff;\" href=\"https:\/\/mycor.iam.inrae.fr\/ARBRE\/wp-content\/uploads\/2024\/06\/MiR_2_Woodex_22PI07_final-FR.pdf\" class=\"mtli_attachment mtli_pdf\" target=\"_blank\" rel=\"noopener\"><span style=\"color: #ff6600;\"><span style=\"color: #ff9900;\">Rapport final<\/span><\/span><\/a><\/span><\/em><\/li>\n<\/ul>\n<ul>\n<li><strong>POPCC<\/strong> : Impact of drought and air warming in poplar in context of climate change &#8211; <span style=\"color: #0000ff;\"><em><a style=\"color: #0000ff;\" href=\"https:\/\/mycor.iam.inrae.fr\/ARBRE\/wp-content\/uploads\/2022\/08\/Projets_2022_pdf\/POPCC_Fr.pdf\" class=\"mtli_attachment mtli_pdf\" target=\"_blank\" rel=\"noopener\">Projet<\/a><\/em><\/span><\/li>\n<\/ul>\n<pre><span style=\"color: #800000;\"><strong>AAP 2023<\/strong><\/span><\/pre>\n<ul>\n<li><strong>ADDITion<\/strong> : Adaptation of the pathogen Diplodia sapinea to pine hosts with contrasting tolerance to drought &#8211; <span style=\"color: #ff9900;\"><em><a style=\"color: #ff9900;\" href=\"https:\/\/mycor.iam.inrae.fr\/ARBRE\/wp-content\/uploads\/2024\/06\/ADDITion_23PI01_final-FR.pdf\" class=\"mtli_attachment mtli_pdf\" target=\"_blank\" rel=\"noopener\">Rapport final<\/a><\/em><\/span><\/li>\n<\/ul>\n<ul>\n<li><strong>ComBAStrep<\/strong> : Combination of bio-analytical approaches for necrotic activity assessment of a Streptomyces metabolite &#8211; <span style=\"color: #0000ff;\"><a style=\"color: #0000ff;\" href=\"https:\/\/mycor.iam.inrae.fr\/ARBRE\/wp-content\/uploads\/2023\/04\/ComBAStrep_FR-1.pdf\" class=\"mtli_attachment mtli_pdf\" target=\"_blank\" rel=\"noopener\"><span style=\"color: #0000ff;\"><em><span style=\"color: #0000ff;\">Projet<\/span><\/em><\/span><\/a><\/span><\/li>\n<\/ul>\n<ul>\n<li><strong>DDWood<\/strong> : Multifactorial Analysis of Natural Decay Durability of Wood &#8211; <span style=\"color: #ff9900;\"><a style=\"color: #ff9900;\" href=\"https:\/\/mycor.iam.inrae.fr\/ARBRE\/wp-content\/uploads\/2024\/06\/DDWood-23PI03_interm-FR.pdf\" class=\"mtli_attachment mtli_pdf\" target=\"_blank\" rel=\"noopener\"><em>Rapport interm\u00e9diaire<\/em><\/a><\/span><\/li>\n<\/ul>\n<ul>\n<li><strong>Dyna_me_e_t <\/strong>: Dynamics of methane emission from dying trees &#8211; <span style=\"color: #0000ff;\"><em><a style=\"color: #0000ff;\" href=\"https:\/\/mycor.iam.inrae.fr\/ARBRE\/wp-content\/uploads\/2023\/04\/Dynameet_FR-1.pdf\" class=\"mtli_attachment mtli_pdf\" target=\"_blank\" rel=\"noopener\">Projet<\/a><\/em><\/span><\/li>\n<\/ul>\n<ul>\n<li><strong>MoClo 4 Phanero <\/strong>: Production of MoClo (Molecular Cloning) vectors for the genetic transformation of Phanerochaete chrysosporium &#8211; <span style=\"color: #ff9900;\"><a style=\"color: #ff9900;\" href=\"https:\/\/mycor.iam.inrae.fr\/ARBRE\/wp-content\/uploads\/2024\/06\/MoClo4Phanero_23PI05_interm-FR.pdf\" class=\"mtli_attachment mtli_pdf\" target=\"_blank\" rel=\"noopener\"><em>Rapport interm\u00e9diaire<\/em><\/a><\/span><\/li>\n<\/ul>\n<ul>\n<li><strong>MoDEperiss <\/strong>: Monitoring spatial et d\u00e9terminisme environnemental du d\u00e9p\u00e9rissement des r\u00e9sineux temper\u00e9s &#8211; <span style=\"color: #ff9900;\"><a style=\"color: #ff9900;\" href=\"https:\/\/mycor.iam.inrae.fr\/ARBRE\/wp-content\/uploads\/2024\/06\/MoDEperiss_23PI06_interm-FR.pdf\" class=\"mtli_attachment mtli_pdf\" target=\"_blank\" rel=\"noopener\"><em>Rapport interm\u00e9diaire<\/em><\/a><\/span><\/li>\n<\/ul>\n<ul>\n<li><strong>ODDIE <\/strong>: National white oak health survey: characterizing the water balance of oak forests sampled &amp; their initial crown condition according to recent drought events &#8211; <span style=\"color: #0000ff;\"><a style=\"color: #0000ff;\" href=\"https:\/\/mycor.iam.inrae.fr\/ARBRE\/wp-content\/uploads\/2023\/04\/ODDIE_FR.pdf\" class=\"mtli_attachment mtli_pdf\" target=\"_blank\" rel=\"noopener\"><em><span style=\"color: #0000ff;\">Projet<\/span><\/em><\/a><\/span><\/li>\n<\/ul>\n<ul>\n<li><strong>PEROS<\/strong> : Deciphering the relationships between protein persulfidation and oxidative stress &#8211; <span style=\"color: #ff9900; background-color: #ffffff;\"><a style=\"color: #ff9900; background-color: #ffffff;\" href=\"https:\/\/mycor.iam.inrae.fr\/ARBRE\/wp-content\/uploads\/2024\/07\/PEROS-23PI08-Interm-FR.pdf\" class=\"mtli_attachment mtli_pdf\" target=\"_blank\" rel=\"noopener\"><em>Rapport interm\u00e9diaire<\/em><\/a><\/span><\/li>\n<\/ul>\n<ul>\n<li><strong>PheVar<\/strong> : Variabilit\u00e9 ph\u00e9notypique d\u2019esp\u00e8ces v\u00e9g\u00e9tales du sous-bois le long de gradients environnementaux &#8211; <span style=\"color: #ff9900;\"><a style=\"color: #ff9900;\" href=\"https:\/\/mycor.iam.inrae.fr\/ARBRE\/wp-content\/uploads\/2024\/06\/PheVar_23PI09_final-FR.pdf\" class=\"mtli_attachment mtli_pdf\" target=\"_blank\" rel=\"noopener\"><em>Rapport final<\/em><\/a><\/span><\/li>\n<\/ul>\n<p><!--more--><\/p>\n<ul>\n<li><strong>PopSCREEN <\/strong>: <u>Pop<\/u>lar <u>S<\/u>mall Secreted Peptides <u>C<\/u>andidates <u>RE<\/u>gulating <u>E<\/u>ctomycorrhizal symbiosis during <u>N<\/u>itrate stresses &#8211; <span style=\"color: #ff9900;\"><em><a style=\"color: #ff9900;\" href=\"https:\/\/mycor.iam.inrae.fr\/ARBRE\/wp-content\/uploads\/2024\/06\/PopSCREEN_Intermediaire-FR.pdf\" class=\"mtli_attachment mtli_pdf\" target=\"_blank\" rel=\"noopener\">Rapport interm\u00e9diaire<\/a><\/em><\/span><\/li>\n<\/ul>\n","protected":false},"excerpt":{"rendered":"<p>Projets soutenus dans le cadre des Appels \u00e0 Projet Annuels (AAP) : AAP 2012 CoMicSoft:Vers la compr\u00e9hension des dialogues microbiens dans les sols forestiers : \u00e9tude des \u00e9changes m\u00e9taboliques entre Streptomyces et Pseudomonas &#8211; Rapport DETPOP: \u00c9tude des r\u00e9ponses de &hellip; <a href=\"https:\/\/mycor.iam.inrae.fr\/ARBRE\/?page_id=12463\">Continuer la lecture <span class=\"meta-nav\">&rarr;<\/span><\/a><\/p>\n","protected":false},"author":9,"featured_media":0,"parent":296,"menu_order":0,"comment_status":"closed","ping_status":"closed","template":"","meta":{"footnotes":""},"class_list":["post-12463","page","type-page","status-publish","hentry"],"_links":{"self":[{"href":"https:\/\/mycor.iam.inrae.fr\/ARBRE\/index.php?rest_route=\/wp\/v2\/pages\/12463","targetHints":{"allow":["GET"]}}],"collection":[{"href":"https:\/\/mycor.iam.inrae.fr\/ARBRE\/index.php?rest_route=\/wp\/v2\/pages"}],"about":[{"href":"https:\/\/mycor.iam.inrae.fr\/ARBRE\/index.php?rest_route=\/wp\/v2\/types\/page"}],"author":[{"embeddable":true,"href":"https:\/\/mycor.iam.inrae.fr\/ARBRE\/index.php?rest_route=\/wp\/v2\/users\/9"}],"replies":[{"embeddable":true,"href":"https:\/\/mycor.iam.inrae.fr\/ARBRE\/index.php?rest_route=%2Fwp%2Fv2%2Fcomments&post=12463"}],"version-history":[{"count":0,"href":"https:\/\/mycor.iam.inrae.fr\/ARBRE\/index.php?rest_route=\/wp\/v2\/pages\/12463\/revisions"}],"up":[{"embeddable":true,"href":"https:\/\/mycor.iam.inrae.fr\/ARBRE\/index.php?rest_route=\/wp\/v2\/pages\/296"}],"wp:attachment":[{"href":"https:\/\/mycor.iam.inrae.fr\/ARBRE\/index.php?rest_route=%2Fwp%2Fv2%2Fmedia&parent=12463"}],"curies":[{"name":"wp","href":"https:\/\/api.w.org\/{rel}","templated":true}]}}