{"id":494,"date":"2013-03-26T08:49:38","date_gmt":"2013-03-26T08:49:38","guid":{"rendered":"https:\/\/mycor.iam.inrae.fr\/ARBRE\/?page_id=494"},"modified":"2015-06-16T11:36:56","modified_gmt":"2015-06-16T11:36:56","slug":"devpad1","status":"publish","type":"page","link":"https:\/\/mycor.iam.inrae.fr\/ARBRE\/?page_id=494","title":{"rendered":"DEVPAD1"},"content":{"rendered":"<p><strong>D\u00e9veloppement de dendrom\u00e8tres automatiques \u00e0 faible co\u00fbt<\/strong><\/p>\n<p><em>Responsable scientifique : Cyrille Rathgeber (UMR 1092 Laboratoire d\u2019Etude des Ressources FOr\u00eat-Bois)<\/em><\/p>\n<p>______________________________________<\/p>\n<p><strong><em>Contexte<\/em><\/strong><strong> \u2014<\/strong> La variation du rayon des troncs d\u2019arbres peut \u00eatre suivie avec pr\u00e9cision pendant de longues p\u00e9riodes de temps en utilisant des dendrom\u00e8tres automatiques qui fournissent des informations sur la dynamique de la croissance secondaire. Cependant ces capteurs posent deux probl\u00e8mes\u00a0: (1) ils sont tr\u00e8s chers, ce qui d\u00e9courage leur utilisation dans beaucoup d\u2019\u00e9tudes de terrain\u00a0; (2) la grande quantit\u00e9 de donn\u00e9es parfaitement dat\u00e9es qu\u2019ils produisent est difficile \u00e0 interpr\u00e9ter d\u2019un point de vue biologique car il est tr\u00e8s difficile d\u2019extraire un pur signal de croissance<\/p>\n<p><strong><em>Objectifs<\/em><\/strong><strong> \u2014<\/strong> Dans ce projet, nous avons pour objectif de d\u00e9passer ces deux probl\u00e8mes afin de faire des dendrom\u00e8tres automatiques un outil de base des \u00e9tudes de suivi forestier.<\/p>\n<p><strong><em>D\u00e9marche<\/em><\/strong><strong> \u2014<\/strong> Pour r\u00e9soudre le probl\u00e8me de co\u00fbt, nous proposons de continuer \u00e0 d\u00e9velopper nos propres dendrom\u00e8tres \u00ab\u00a0low-cost\u00a0\u00bb qui sont faits \u00e0 partir de d\u00e9tecteurs lin\u00e9aires, au lieu des capteurs LVDT des dendrom\u00e8tres du commerce. Nous avons pour objectif de diviser le co\u00fbt de production par dix en utilisant ces capteurs. Pour r\u00e9soudre le probl\u00e8me de l\u2019interpr\u00e9tation des donn\u00e9es mesur\u00e9es, nous proposons de comparer directement les donn\u00e9es obtenues par nos dendrom\u00e8tres avec des mesures directes de formation du bois en utilisant deux approches innovantes et compl\u00e9mentaires\u00a0: (1) une approche statistique bas\u00e9e sur les mod\u00e8les additif g\u00e9n\u00e9ralis\u00e9s (GAM), and (2) une approche bas\u00e9e sur la mod\u00e9lisation \u00e0 base de processus impliquant un mod\u00e8le de transport d\u2019eau et de sucre dans l\u2019arbre.<\/p>\n<p><strong><em>R\u00e9sultats et impacts attendus<\/em><\/strong><strong> \u2014<\/strong> Ce projet de valorisation peut conduire \u00e0 d\u2019importantes r\u00e9alisations techniques et scientifiques. D\u2019un point de vue technique nous avons pour objectif de d\u00e9velopper des dendrom\u00e8tres \u00ab\u00a0low-cost\u00a0\u00bb pr\u00e9cis et facile d\u2019utilisation, accompagn\u00e9s d\u2019une notice technique et d\u2019un manuel d\u2019utilisation.<\/p>\n","protected":false},"excerpt":{"rendered":"<p>D\u00e9veloppement de dendrom\u00e8tres automatiques \u00e0 faible co\u00fbt Responsable scientifique : Cyrille Rathgeber (UMR 1092 Laboratoire d\u2019Etude des Ressources FOr\u00eat-Bois) ______________________________________ Contexte \u2014 La variation du rayon des troncs d\u2019arbres peut \u00eatre suivie avec pr\u00e9cision pendant de longues p\u00e9riodes de temps &hellip; <a href=\"https:\/\/mycor.iam.inrae.fr\/ARBRE\/?page_id=494\">Continuer la lecture <span class=\"meta-nav\">&rarr;<\/span><\/a><\/p>\n","protected":false},"author":2,"featured_media":0,"parent":2122,"menu_order":0,"comment_status":"closed","ping_status":"closed","template":"","meta":{"footnotes":""},"class_list":["post-494","page","type-page","status-publish","hentry"],"_links":{"self":[{"href":"https:\/\/mycor.iam.inrae.fr\/ARBRE\/index.php?rest_route=\/wp\/v2\/pages\/494","targetHints":{"allow":["GET"]}}],"collection":[{"href":"https:\/\/mycor.iam.inrae.fr\/ARBRE\/index.php?rest_route=\/wp\/v2\/pages"}],"about":[{"href":"https:\/\/mycor.iam.inrae.fr\/ARBRE\/index.php?rest_route=\/wp\/v2\/types\/page"}],"author":[{"embeddable":true,"href":"https:\/\/mycor.iam.inrae.fr\/ARBRE\/index.php?rest_route=\/wp\/v2\/users\/2"}],"replies":[{"embeddable":true,"href":"https:\/\/mycor.iam.inrae.fr\/ARBRE\/index.php?rest_route=%2Fwp%2Fv2%2Fcomments&post=494"}],"version-history":[{"count":0,"href":"https:\/\/mycor.iam.inrae.fr\/ARBRE\/index.php?rest_route=\/wp\/v2\/pages\/494\/revisions"}],"up":[{"embeddable":true,"href":"https:\/\/mycor.iam.inrae.fr\/ARBRE\/index.php?rest_route=\/wp\/v2\/pages\/2122"}],"wp:attachment":[{"href":"https:\/\/mycor.iam.inrae.fr\/ARBRE\/index.php?rest_route=%2Fwp%2Fv2%2Fmedia&parent=494"}],"curies":[{"name":"wp","href":"https:\/\/api.w.org\/{rel}","templated":true}]}}