{"id":5346,"date":"2014-06-24T14:15:22","date_gmt":"2014-06-24T14:15:22","guid":{"rendered":"https:\/\/mycor.iam.inrae.fr\/ARBRE\/?page_id=5346"},"modified":"2015-06-16T11:29:08","modified_gmt":"2015-06-16T11:29:08","slug":"mixfor","status":"publish","type":"page","link":"https:\/\/mycor.iam.inrae.fr\/ARBRE\/?page_id=5346","title":{"rendered":"MIXFOR"},"content":{"rendered":"<p><strong>NFZ Summer School on Mixed Forest Ecosystems<\/strong><\/p>\n<p><em>Responsable scientifique\u00a0<\/em>: Damien Bonal, Nicolas Marron (UMR 1137 Ecologie et Ecophysiologie Foresti\u00e8res \u2013 EEF)<\/p>\n<p><em>Partenaires Labex\u00a0:<\/em> C. Collet (LERFOB), L. Saint-Andr\u00e9 (BEF)<\/p>\n<p><em>Collaboration\u00a0: <\/em>D. Epron, J.M. Guehl (EEF), I. Barbeito (Lerfob), E. Dreyer (INRA Nancy)<\/p>\n<p>____________________________<\/p>\n<p><strong><em>Contexte<\/em><\/strong> \u2014 Les for\u00eats et les plantations mixtes ont le potentiel, par rapport aux monocultures, <em>(i)<\/em> de montrer une augmentation de la productivit\u00e9, de la fertilit\u00e9 des sols, du recyclage des nutriments et de la s\u00e9questration du carbone, <em>(ii)<\/em> de r\u00e9duire les risques dus aux ravageurs et aux maladies, et <em>(iii)<\/em> de pr\u00e9senter une plus grande biodiversit\u00e9. Cependant, les relations entre la diversit\u00e9 des esp\u00e8ces et le fonctionnement des \u00e9cosyst\u00e8mes sont encore largement d\u00e9battues.<\/p>\n<p><strong><em>Objectifs<\/em><\/strong> \u2014 L\u2019objectif du projet est d\u2019organiser la dixi\u00e8me Universit\u00e9 d\u2019\u00e9t\u00e9 du r\u00e9seau Nancy \u2013 Fribourg \u2013 Zurich (NFZ) en ao\u00fbt 2014 \u00e0 Nancy sur le th\u00e8me des \u00ab Interactions entre esp\u00e8ces dans les \u00e9cosyst\u00e8mes forestiers m\u00e9lang\u00e9s (MIXFOR) \u00bb.<\/p>\n<p><strong><em>D\u00e9marche<\/em><\/strong> \u2014 L\u2019Inra et l\u2019Universit\u00e9 de Lorraine accueilleront une vingtaine d\u2019\u00e9tudiants auxquels des scientifiques allemands, suisses et fran\u00e7ais travaillant sur ce th\u00e8me pr\u00e9senteront les concepts sur la gestion des for\u00eats m\u00e9lang\u00e9es et les illustreront par des exemples tir\u00e9s de leurs travaux de recherches. MIXFOR sera introduite par une pr\u00e9sentation du contexte g\u00e9n\u00e9ral de la for\u00eat m\u00e9lang\u00e9e et par des rappels d\u2019\u00e9cophysiologie et d\u2019\u00e9cologie fonctionnelle. Les m\u00e9canismes impliqu\u00e9s dans les interactions entre arbres et leurs cons\u00e9quences sur le fonctionnement de l\u2019\u00e9cosyst\u00e8me, ainsi que la fa\u00e7on de mod\u00e9liser cela, seront abord\u00e9s.<\/p>\n<p><em>\u00a0<\/em><strong><em>R\u00e9sultats et impacts attendus<\/em><\/strong> \u2014 MIXFOR viendra compl\u00e9ter de mani\u00e8re coh\u00e9rente l\u2019offre de formation doctorale foresti\u00e8re propos\u00e9e en Lorraine avec notamment SIFER et EFICENT. En outre, elle sera le si\u00e8ge unique d\u2019\u00e9changes entre jeunes chercheurs et chercheurs plus aguerris \u00e9tudiant les \u00e9cosyst\u00e8mes forestiers m\u00e9lang\u00e9s en Europe.<\/p>\n","protected":false},"excerpt":{"rendered":"<p>NFZ Summer School on Mixed Forest Ecosystems Responsable scientifique\u00a0: Damien Bonal, Nicolas Marron (UMR 1137 Ecologie et Ecophysiologie Foresti\u00e8res \u2013 EEF) Partenaires Labex\u00a0: C. Collet (LERFOB), L. Saint-Andr\u00e9 (BEF) Collaboration\u00a0: D. Epron, J.M. Guehl (EEF), I. Barbeito (Lerfob), E. Dreyer &hellip; <a href=\"https:\/\/mycor.iam.inrae.fr\/ARBRE\/?page_id=5346\">Continuer la lecture <span class=\"meta-nav\">&rarr;<\/span><\/a><\/p>\n","protected":false},"author":4,"featured_media":0,"parent":2122,"menu_order":0,"comment_status":"closed","ping_status":"closed","template":"","meta":{"footnotes":""},"class_list":["post-5346","page","type-page","status-publish","hentry"],"_links":{"self":[{"href":"https:\/\/mycor.iam.inrae.fr\/ARBRE\/index.php?rest_route=\/wp\/v2\/pages\/5346","targetHints":{"allow":["GET"]}}],"collection":[{"href":"https:\/\/mycor.iam.inrae.fr\/ARBRE\/index.php?rest_route=\/wp\/v2\/pages"}],"about":[{"href":"https:\/\/mycor.iam.inrae.fr\/ARBRE\/index.php?rest_route=\/wp\/v2\/types\/page"}],"author":[{"embeddable":true,"href":"https:\/\/mycor.iam.inrae.fr\/ARBRE\/index.php?rest_route=\/wp\/v2\/users\/4"}],"replies":[{"embeddable":true,"href":"https:\/\/mycor.iam.inrae.fr\/ARBRE\/index.php?rest_route=%2Fwp%2Fv2%2Fcomments&post=5346"}],"version-history":[{"count":0,"href":"https:\/\/mycor.iam.inrae.fr\/ARBRE\/index.php?rest_route=\/wp\/v2\/pages\/5346\/revisions"}],"up":[{"embeddable":true,"href":"https:\/\/mycor.iam.inrae.fr\/ARBRE\/index.php?rest_route=\/wp\/v2\/pages\/2122"}],"wp:attachment":[{"href":"https:\/\/mycor.iam.inrae.fr\/ARBRE\/index.php?rest_route=%2Fwp%2Fv2%2Fmedia&parent=5346"}],"curies":[{"name":"wp","href":"https:\/\/api.w.org\/{rel}","templated":true}]}}