{"id":7137,"date":"2015-05-05T10:19:39","date_gmt":"2015-05-05T10:19:39","guid":{"rendered":"https:\/\/mycor.iam.inrae.fr\/ARBRE\/?page_id=7137"},"modified":"2024-06-27T12:31:30","modified_gmt":"2024-06-27T12:31:30","slug":"formation","status":"publish","type":"page","link":"https:\/\/mycor.iam.inrae.fr\/ARBRE\/?page_id=7137","title":{"rendered":"Projets de formation par et pour la recherche"},"content":{"rendered":"<p><em>Soutenus dans le cadre des appels \u00e0 projet annuels (AAP)<\/em><\/p>\n<p><img loading=\"lazy\" decoding=\"async\" class=\"wp-image-9308 aligncenter\" src=\"https:\/\/mycor.iam.inrae.fr\/ARBRE\/wp-content\/uploads\/2015\/05\/FR-formation-header.png\" alt=\"FR formation header\" width=\"464\" height=\"199\" \/><\/p>\n<p><img loading=\"lazy\" decoding=\"async\" class=\"wp-image-9309 alignnone\" src=\"https:\/\/mycor.iam.inrae.fr\/ARBRE\/wp-content\/uploads\/2015\/05\/FR-master.png\" alt=\"FR master\" width=\"287\" height=\"57\" \/><\/p>\n<ul>\n<li><strong>WOOD@NAT <\/strong>: <span class=\"Apple-style-span\" style=\"line-height: 15px;\"><span style=\"color: #000000;\">Un site web d\u2019autoformation sur la structure du bois tissu ou mat\u00e9riaux\u00a0 <span style=\"color: #808080;\"><em>AAP 2012, 2014<\/em><\/span><br \/>\n<\/span><\/span><strong><br \/>\n<\/strong><\/li>\n<li><span style=\"color: #3366ff;\"><a style=\"color: #3366ff;\" href=\"https:\/\/mycor.iam.inrae.fr\/ARBRE\/?page_id=2450\"><strong>FEN-EXCALIBUR<\/strong><\/a><\/span> : D\u00e9velopper les capacit\u00e9s, de biblioth\u00e8ques et de visibilit\u00e9 dans l&rsquo;enseignement sup\u00e9rieur sur les for\u00eats europ\u00e9ennes et leur environnement\u00a0\u00a0 <span class=\"Apple-style-span\" style=\"line-height: 15px;\"><span style=\"color: #000000;\"><span style=\"color: #808080;\"><em>AAP 2013<\/em><\/span><\/span><\/span><\/li>\n<\/ul>\n<ul>\n<li><span style=\"color: #3366ff;\"><a style=\"color: #3366ff;\" href=\"https:\/\/mycor.iam.inrae.fr\/ARBRE\/?page_id=5603\"><strong>PROJET MASTER FAGE BFD <\/strong><\/a><\/span>: \u00ab\u00a0Analyse d&rsquo;une fili\u00e8re bois\u00a0\u00bb des \u00e9tudiants du Master Bois For\u00eat D\u00e9veloppement Durable (BFD)<strong><strong>\u00a0\u00a0 <\/strong><\/strong><span class=\"Apple-style-span\" style=\"line-height: 15px;\"><span style=\"color: #000000;\"><span style=\"color: #808080;\"><em>AAP 2013<\/em><\/span><\/span><\/span><strong><strong><br \/>\n<\/strong><br \/>\n<\/strong><\/li>\n<li>\u00a0<strong><a href=\"https:\/\/mycor.iam.inrae.fr\/ARBRE\/?page_id=7695\"><span style=\"color: #3366ff;\">VIDEOFAGE<\/span> <\/a><\/strong>: Promouvoir la diffusion de nos activit\u00e9s par la vid\u00e9o\u00a0: prototype d\u2019organisation pour la promotion d\u2019activit\u00e9s de formation \u00e0 l\u2019int\u00e9rieur du master FAGE\u00a0 <strong>\u00a0\u00a0 <\/strong><span class=\"Apple-style-span\" style=\"line-height: 15px;\"><span class=\"Apple-style-span\" style=\"line-height: 15px;\"><span class=\"Apple-style-span\" style=\"line-height: 15px;\"><span style=\"color: #000000;\"><span style=\"color: #808080;\"><em>AAP 2015<\/em><\/span><\/span><\/span><\/span><\/span><\/li>\n<\/ul>\n<ul>\n<li><strong>BOURSES-FEN<\/strong> : Soutien au recrutement international du master FAGE sp\u00e9cialti\u00e9 FEN (Forests and their Environment) \u00a0 <strong>\u00a0\u00a0 <\/strong><span class=\"Apple-style-span\" style=\"line-height: 15px;\"><span class=\"Apple-style-span\" style=\"line-height: 15px;\"><span style=\"color: #000000;\"><span style=\"color: #808080;\"><em>AAP 2016\/2020 &#8211;\u00a0 <span style=\"color: #ff9900;\"><a style=\"color: #ff9900;\" href=\"https:\/\/mycor.iam.inrae.fr\/ARBRE\/wp-content\/uploads\/2024\/06\/Bourse-FEN_22FO01_interm-FR.pdf\" class=\"mtli_attachment mtli_pdf\" target=\"_blank\" rel=\"noopener\">Rapport interm\u00e9diaire<\/a><\/span><\/em><\/span><\/span><\/span><\/span><\/li>\n<\/ul>\n<p><a href=\"https:\/\/mycor.iam.inrae.fr\/ARBRE\/wp-content\/uploads\/2015\/05\/FR-doctorale.png\"><img loading=\"lazy\" decoding=\"async\" class=\"wp-image-9310 alignnone\" src=\"https:\/\/mycor.iam.inrae.fr\/ARBRE\/wp-content\/uploads\/2015\/05\/FR-doctorale.png\" alt=\"FR doctorale\" width=\"293\" height=\"61\" \/><\/a><\/p>\n<ul>\n<li><span style=\"color: #3366ff;\"><a style=\"color: #3366ff;\" href=\"https:\/\/mycor.iam.inrae.fr\/ARBRE\/?page_id=2948\"><strong>SIFER<\/strong><\/a><\/span> : <span class=\"Apple-style-span\" style=\"line-height: 15px;\"><span class=\"Apple-style-span\" style=\"line-height: 15px;\"><span class=\"Apple-style-span\" style=\"line-height: 15px;\"><span class=\"Apple-style-span\" style=\"line-height: 15px;\"><span style=\"color: #000000;\">Module de formation doctorale \u00ab\u00a0Les isotopes stables pour la recherche sur les \u00e9cosyst\u00e8mes forestiers\u00a0\u00bb\u00a0\u00a0 <span style=\"color: #808080;\"><em>AAP 2012, 2017<\/em><\/span><br \/>\n<\/span><\/span><\/span><\/span><\/span><\/li>\n<\/ul>\n<ul>\n<li><span style=\"color: #3366ff;\"><a style=\"color: #3366ff;\" href=\"https:\/\/mycor.iam.inrae.fr\/ARBRE\/?page_id=1491\"><strong>EXPERIMENTARIUM<\/strong><\/a><\/span> : Savoir parler de son m\u00e9tier et de ses recherches \u00e0 un public non-sp\u00e9cialiste : l\u2019Experimentarium en Lorraine\u00a0\u00a0 <span class=\"Apple-style-span\" style=\"line-height: 15px;\"><span style=\"color: #000000;\"><span style=\"color: #808080;\"><em>AAP 2013, 2014<\/em><\/span><\/span><\/span><\/li>\n<\/ul>\n<ul>\n<li><span style=\"color: #3366ff;\"><a style=\"color: #3366ff;\" href=\"https:\/\/mycor.iam.inrae.fr\/ARBRE\/?page_id=5342\"><strong><span style=\"color: #3366ff;\">IFGI 2014<\/span><\/strong><\/a><\/span> : PhD Course on International Forestry and Global Issues &#8211; 2014\u00a0 \u00a0 \u00a0 \u00a0\u00a0 <span class=\"Apple-style-span\" style=\"line-height: 15px;\"><span style=\"color: #000000;\"><span style=\"color: #808080;\"><em>AAP 2014<\/em><\/span><\/span><\/span><\/li>\n<\/ul>\n<ul>\n<li><a href=\"https:\/\/mycor.iam.inrae.fr\/ARBRE\/?page_id=5346\"><strong><span style=\"color: #3366ff;\">MIXFOR<\/span> <\/strong><\/a>: NFZ Summer School on Mixed Forest Ecosystems\u00a0\u00a0 <span class=\"Apple-style-span\" style=\"line-height: 15px;\"><span style=\"color: #000000;\"><span style=\"color: #808080;\"><em>AAP 2014<\/em><\/span><\/span><\/span><\/li>\n<\/ul>\n<p>&nbsp;<\/p>\n","protected":false},"excerpt":{"rendered":"<p>Soutenus dans le cadre des appels \u00e0 projet annuels (AAP) WOOD@NAT : Un site web d\u2019autoformation sur la structure du bois tissu ou mat\u00e9riaux\u00a0 AAP 2012, 2014 FEN-EXCALIBUR : D\u00e9velopper les capacit\u00e9s, de biblioth\u00e8ques et de visibilit\u00e9 dans l&rsquo;enseignement sup\u00e9rieur &hellip; <a href=\"https:\/\/mycor.iam.inrae.fr\/ARBRE\/?page_id=7137\">Continuer la lecture <span class=\"meta-nav\">&rarr;<\/span><\/a><\/p>\n","protected":false},"author":4,"featured_media":0,"parent":19,"menu_order":1,"comment_status":"closed","ping_status":"closed","template":"","meta":{"footnotes":""},"class_list":["post-7137","page","type-page","status-publish","hentry"],"_links":{"self":[{"href":"https:\/\/mycor.iam.inrae.fr\/ARBRE\/index.php?rest_route=\/wp\/v2\/pages\/7137","targetHints":{"allow":["GET"]}}],"collection":[{"href":"https:\/\/mycor.iam.inrae.fr\/ARBRE\/index.php?rest_route=\/wp\/v2\/pages"}],"about":[{"href":"https:\/\/mycor.iam.inrae.fr\/ARBRE\/index.php?rest_route=\/wp\/v2\/types\/page"}],"author":[{"embeddable":true,"href":"https:\/\/mycor.iam.inrae.fr\/ARBRE\/index.php?rest_route=\/wp\/v2\/users\/4"}],"replies":[{"embeddable":true,"href":"https:\/\/mycor.iam.inrae.fr\/ARBRE\/index.php?rest_route=%2Fwp%2Fv2%2Fcomments&post=7137"}],"version-history":[{"count":0,"href":"https:\/\/mycor.iam.inrae.fr\/ARBRE\/index.php?rest_route=\/wp\/v2\/pages\/7137\/revisions"}],"up":[{"embeddable":true,"href":"https:\/\/mycor.iam.inrae.fr\/ARBRE\/index.php?rest_route=\/wp\/v2\/pages\/19"}],"wp:attachment":[{"href":"https:\/\/mycor.iam.inrae.fr\/ARBRE\/index.php?rest_route=%2Fwp%2Fv2%2Fmedia&parent=7137"}],"curies":[{"name":"wp","href":"https:\/\/api.w.org\/{rel}","templated":true}]}}