{"id":7695,"date":"2015-06-15T12:05:21","date_gmt":"2015-06-15T12:05:21","guid":{"rendered":"https:\/\/mycor.iam.inrae.fr\/ARBRE\/?page_id=7695"},"modified":"2015-06-16T11:30:47","modified_gmt":"2015-06-16T11:30:47","slug":"videofage","status":"publish","type":"page","link":"https:\/\/mycor.iam.inrae.fr\/ARBRE\/?page_id=7695","title":{"rendered":"VIDEOFAGE"},"content":{"rendered":"<p><strong>Promouvoir la diffusion de nos activit\u00e9s par la vid\u00e9o\u00a0: prototype d\u2019organisation pour la promotion d\u2019activit\u00e9s de formation \u00e0 l\u2019int\u00e9rieur du master FAGE<\/strong><\/p>\n<p><em>Responsable scientifique\u00a0<\/em>: Meriem Fournier (UMR 1092 Laboratoire d&rsquo;Etude des Ressources For\u00eats-Bois &#8211; LERFOB)<\/p>\n<p><em>Partenaires Labex\u00a0:<\/em><br \/>\nToutes les UMR du LABEX<\/p>\n<p>____________________________<\/p>\n<p><strong><em>Contexte<\/em> <\/strong>\u2014 R\u00e9aliser r\u00e9guli\u00e8rement des vid\u00e9os devient un standard de l\u2019activit\u00e9 de diss\u00e9mination et de formation. Pour l\u2019instant, nos r\u00e9alisations reposent soit sur des projets professionnels avec l\u2019aide des services m\u00e9dias ou communication de nos organismes, soit sur le savoir-faire d\u00e9velopp\u00e9 de fa\u00e7on compl\u00e8tement personnelle par quelques individus pionniers bricoleurs.<\/p>\n<p><strong><em>Objectifs<\/em><\/strong> \u2014 Le projet VIDEOFAGE vise \u00e0 intensifier la cr\u00e9ation et la mise en ligne de vid\u00e9os p\u00e9dagogiques sur nos activit\u00e9s, avec le soutien du service de communication du Centre INRA de Nancy Lorraine et l\u2019implication de Corinne Martin (Unit\u00e9 de Formation et de recherche FAM, LERFoB, AgroParisTech, Nancy). L\u2019objectif n\u2019est pas de faire un produit de communication de haute qualit\u00e9 professionnelle, mais d\u2019introduire une culture de la communication par la vid\u00e9o aupr\u00e8s des enseignant-chercheurs et chercheurs, en mettant \u00e0 leur disposition une organisation et des outils.<\/p>\n<p><strong><em>D\u00e9marche<\/em><\/strong> \u2014 Le projet met \u00e0 disposition des utilisateurs du mat\u00e9riel et des possibilit\u00e9s de formation et d\u2019aide \u00e0 la r\u00e9alisation. Il organise la promotion de la vid\u00e9o dans le cadre d\u2019activit\u00e9s p\u00e9dagogiques en organisant les \u00e9quipes projets constitu\u00e9es des demandeurs concepteurs r\u00e9alisateurs (ceux qui veulent filmer leurs activit\u00e9s ou qui veulent aider \u00e0 la r\u00e9alisation en acqu\u00e9rant ainsi du savoir-faire), de personnes ressources (les d\u00e9j\u00e0 exp\u00e9riment\u00e9s ou les plus professionnels) qui transmettent le savoir-faire (filmer et monter), les responsables du mat\u00e9riel (Corinne Martin et Yves Bernardi). Les vid\u00e9os r\u00e9alis\u00e9es sont r\u00e9pertori\u00e9es par le projet qui conseille \u00e9galement sur leur diffusion (mise en ligne sur des plate-formes web). L\u2019\u00e9quipe p\u00e9dagogique et les activit\u00e9s du master FAGE servent de prototype \u00e0 la d\u00e9marche ouverte \u00e0 d\u2019autres initiatives.<\/p>\n<p><strong><em>R\u00e9sultats et impacts attendus<\/em><\/strong> \u2014 Plus de vid\u00e9os visibles de bonne qualit\u00e9 r\u00e9alis\u00e9es couramment par des personnels scientifiques ou techniques qui ne le feraient pas spontan\u00e9ment. Meilleure diffusion de nos savoirs et savoir-faire.<\/p>\n","protected":false},"excerpt":{"rendered":"<p>Promouvoir la diffusion de nos activit\u00e9s par la vid\u00e9o\u00a0: prototype d\u2019organisation pour la promotion d\u2019activit\u00e9s de formation \u00e0 l\u2019int\u00e9rieur du master FAGE Responsable scientifique\u00a0: Meriem Fournier (UMR 1092 Laboratoire d&rsquo;Etude des Ressources For\u00eats-Bois &#8211; LERFOB) Partenaires Labex\u00a0: Toutes les UMR &hellip; <a href=\"https:\/\/mycor.iam.inrae.fr\/ARBRE\/?page_id=7695\">Continuer la lecture <span class=\"meta-nav\">&rarr;<\/span><\/a><\/p>\n","protected":false},"author":4,"featured_media":0,"parent":2122,"menu_order":0,"comment_status":"closed","ping_status":"closed","template":"","meta":{"footnotes":""},"class_list":["post-7695","page","type-page","status-publish","hentry"],"_links":{"self":[{"href":"https:\/\/mycor.iam.inrae.fr\/ARBRE\/index.php?rest_route=\/wp\/v2\/pages\/7695","targetHints":{"allow":["GET"]}}],"collection":[{"href":"https:\/\/mycor.iam.inrae.fr\/ARBRE\/index.php?rest_route=\/wp\/v2\/pages"}],"about":[{"href":"https:\/\/mycor.iam.inrae.fr\/ARBRE\/index.php?rest_route=\/wp\/v2\/types\/page"}],"author":[{"embeddable":true,"href":"https:\/\/mycor.iam.inrae.fr\/ARBRE\/index.php?rest_route=\/wp\/v2\/users\/4"}],"replies":[{"embeddable":true,"href":"https:\/\/mycor.iam.inrae.fr\/ARBRE\/index.php?rest_route=%2Fwp%2Fv2%2Fcomments&post=7695"}],"version-history":[{"count":0,"href":"https:\/\/mycor.iam.inrae.fr\/ARBRE\/index.php?rest_route=\/wp\/v2\/pages\/7695\/revisions"}],"up":[{"embeddable":true,"href":"https:\/\/mycor.iam.inrae.fr\/ARBRE\/index.php?rest_route=\/wp\/v2\/pages\/2122"}],"wp:attachment":[{"href":"https:\/\/mycor.iam.inrae.fr\/ARBRE\/index.php?rest_route=%2Fwp%2Fv2%2Fmedia&parent=7695"}],"curies":[{"name":"wp","href":"https:\/\/api.w.org\/{rel}","templated":true}]}}