{"id":8840,"date":"2016-01-13T14:09:49","date_gmt":"2016-01-13T14:09:49","guid":{"rendered":"https:\/\/mycor.iam.inrae.fr\/ARBRE\/?page_id=8840"},"modified":"2016-01-13T14:30:27","modified_gmt":"2016-01-13T14:30:27","slug":"arbre-interview-joel-hamada","status":"publish","type":"page","link":"https:\/\/mycor.iam.inrae.fr\/ARBRE\/?page_id=8840","title":{"rendered":"ARBRE Interview \u2014 Jo\u00ebl Hamada"},"content":{"rendered":"<p><a href=\"https:\/\/mycor.iam.inrae.fr\/ARBRE\/wp-content\/uploads\/2016\/01\/profile-Joel-1.jpg\"><img loading=\"lazy\" decoding=\"async\" class=\"alignleft  wp-image-8847\" src=\"https:\/\/mycor.iam.inrae.fr\/ARBRE\/wp-content\/uploads\/2016\/01\/profile-Joel-1.jpg\" alt=\"profile Joel 1\" width=\"353\" height=\"544\" \/><\/a><\/p>\n<p>&nbsp;<\/p>\n<p>&nbsp;<\/p>\n<p>&nbsp;<\/p>\n<p><strong>Jo\u00ebl Hamada<\/strong><\/p>\n<p><em>Doctorant<\/em><\/p>\n<p><em>14 Janvier 2016<\/em><\/p>\n<p>_____________________<\/p>\n<p>&nbsp;<\/p>\n<p>&nbsp;<\/p>\n<p>&nbsp;<\/p>\n<p>&nbsp;<\/p>\n<p>&nbsp;<\/p>\n<p>Jo\u00ebl Hamada est chercheur doctorant.\u00a0 Il travaille avec le Laboratoire d&rsquo;Etudes et des Recherches sur le Mat\u00e9riau Bois (LERMAB) \u00e0 l&rsquo;Universit\u00e9 de Lorraine et en collaboration avec le Laboratoire d&rsquo;Etude des Ressources For\u00eats-Bois (LERFOB). Il participe au projet EVAQBT2. Son projet de recherche s&rsquo;intitule \u00ab\u00a0Effet de la variabilit\u00e9 naturelle du bois sur les r\u00e9actions de thermo-d\u00e9gradation intervenant lors du traitement thermique du bois dans l&rsquo;optique de mieux contr\u00f4ler le proc\u00e9d\u00e9 et la qualit\u00e9 du mat\u00e9riau obtenu\u00a0\u00bb.<\/p>\n<p>Ci-dessous est l&rsquo;interview que Jo\u00ebl nous a accord\u00e9e r\u00e9cemment.<\/p>\n<p>________________________________________________________________________________<\/p>\n<p><strong>D&rsquo;o\u00f9 venez-vous ?<\/strong><\/p>\n<p>Je suis originaire du Cameroun, pays d\u2019Afrique centrale ouvert sur l\u2019oc\u00e9an Atlantique au niveau du golfe de Guin\u00e9e entre l\u2019Equateur au Sud et le lac Tchad au Nord.<\/p>\n<p><strong>Pouvez-vous nous d\u00e9crire votre formation et ce qui vous a amen\u00e9 \u00e0 travailler avec le LERMAB \u00e0 l&rsquo;INRA?<\/strong><\/p>\n<p>Je suis de formation ing\u00e9nieur dans les technologies et l\u2019industrie du bois. Apr\u00e8s un cycle de 3 ans \u00e0 l\u2019Universit\u00e9 de Florence en Italie, j\u2019ai d\u2019abord travaill\u00e9 dans la transformation du bois, ensuite dans le commerce des produits bois et d\u00e9riv\u00e9s avant d\u2019int\u00e9grer le master For\u00eat Agronomie et Gestion de l\u2019Environnement (FAGE) \u00e0 l\u2019Universit\u00e9 de Lorraine.<\/p>\n<p>C\u2019est lors de mon stage de 6 mois en master 2 au sein du LERMaB que j\u2019ai r\u00e9ellement commenc\u00e9 \u00e0 travaill\u00e9 avec l\u2019INRA dans le cadre d&rsquo;une collaboration avec le LERFoB puisque mon sujet de stage, par ailleurs financ\u00e9 par le LabEx ARBRE, \u00e9tait un projet inter disciplinaire qui r\u00e9unissait ces deux laboratoires.<\/p>\n<p><strong>Parlez-nous de vos recherches \u2014 quelle est votre sp\u00e9cialit\u00e9 et pourquoi est-ce important?<\/strong><\/p>\n<p>Mes travaux de recherche portent sur le traitement thermique du bois. C\u2019est une m\u00e9thode de pr\u00e9servation du bois contre la biod\u00e9gradation caus\u00e9e par les micro-organismes lignivores notamment les champignons de pourriture. Dans cette m\u00e9thode l\u2019on n\u2019utilise aucun produit chimique pour prot\u00e9ger le bois mais plut\u00f4t de la chaleur. Je m\u2019int\u00e9resse alors \u00e0 la compr\u00e9hension des ph\u00e9nom\u00e8nes \u00e0 l&rsquo;origine de d\u00e9fauts rencontr\u00e9s par les industriels qui pratiquent cette technique. G<em>rosso modo,<\/em> je cherche \u00e0 comprendre la part que l\u2019on pourrait attribuer \u00e0 la qualit\u00e9 du bois de d\u00e9part dans ce ph\u00e9nom\u00e8ne de d\u00e9fauts\u00a0; sachant que la qualit\u00e9 du bois au d\u00e9part est li\u00e9e \u00e0 sa nature tr\u00e8s variable et grandement influen\u00e7able par la sylviculture.<\/p>\n<p>Cette technique de pr\u00e9servation sans emploi de produits chimiques est \u00e9cologique, et la compr\u00e9hension des causes de d\u00e9fauts li\u00e9es \u00e0 la qualit\u00e9 du bois initial ouvre la perspective de d\u00e9velopper des outils non destructifs de contr\u00f4le qualit\u00e9 en amont par une gestion foresti\u00e8re \u00ab\u00a0appropri\u00e9e\u00a0\u00bb.<\/p>\n<p><strong>Quand avez-vous commenc\u00e9 \u00e0 vous int\u00e9resser \u00e0 la for\u00eat, au bois et \u00e0 sa pr\u00e9servation ?<\/strong><\/p>\n<p>Je me suis toujours int\u00e9ress\u00e9 au bois depuis tout petit au Cameroun. J\u2019ai pass\u00e9 un baccalaur\u00e9at scientifique et technique option industrie du bois au lyc\u00e9e technique de Sangm\u00e9lima dans le Sud du Cameroun, et je suis originaire de l\u2019Est du Cameroun, r\u00e9gion la plus foresti\u00e8re du pays. D\u00e9j\u00e0 tout petit, j\u2019allais le plus souvent en for\u00eat avec mon papa o\u00f9 j\u2019apprenais \u00e0 reconnaitre les esp\u00e8ces tropicales les plus exploit\u00e9es dans l\u2019industrie du bois avant m\u00eame de les apprendre au lyc\u00e9e. Alors, quand j\u2019ai eu mon baccalaur\u00e9at, c\u2019est tout naturellement que je suis all\u00e9 suivre les \u00e9tudes sup\u00e9rieures \u00e0 Florence dans les technologies et l\u2019industrie du bois.<\/p>\n<p>Au-del\u00e0 de la formation th\u00e9orique que j\u2019avais d\u00e9j\u00e0 re\u00e7ue sur la pr\u00e9servation du bois au cours de ma formation initiale, c\u2019est en travaillant dans le commerce du bois que j\u2019ai pu d\u00e9velopper le reflex et la pratique de prot\u00e9ger le bois; d\u00e9j\u00e0 contre les intemp\u00e9ries, ensuite, contre les micro-organismes puisque je devais mieux renseigner la client\u00e8le sur les risques encourus par les produits bois lors de leur mise en \u0153uvre. Quand j\u2019ai su que la pr\u00e9servation du bois pouvait se faire sans emploi de produits chimiques, j\u2019ai tout de suite \u00e9t\u00e9 fascin\u00e9 par cette avanc\u00e9e scientifique. Puis, l\u2019id\u00e9e de pouvoir contribuer \u00e0 l\u2019am\u00e9lioration de cette technique m\u2019a donn\u00e9 la motivation de travailler sur le th\u00e8me de l\u2019effet de la variabilit\u00e9 naturelle du bois sur les processus de modification thermique du bois lors du traitement thermique.<\/p>\n<p><a href=\"https:\/\/mycor.iam.inrae.fr\/ARBRE\/wp-content\/uploads\/2016\/01\/camroon-florence.jpg\"><img loading=\"lazy\" decoding=\"async\" class=\"alignleft size-full wp-image-8851\" src=\"https:\/\/mycor.iam.inrae.fr\/ARBRE\/wp-content\/uploads\/2016\/01\/camroon-florence.jpg\" alt=\"camroon florence\" width=\"558\" height=\"200\" \/><\/a><\/p>\n<p>&nbsp;<\/p>\n<p>&nbsp;<\/p>\n<p>&nbsp;<\/p>\n<p>&nbsp;<\/p>\n<p>&nbsp;<\/p>\n<p>&nbsp;<\/p>\n<p><strong>Pour vous, quels sont les enjeux de la recherche scientifique sur le bois et la for\u00eat?<\/strong><\/p>\n<p>Je pense que les enjeux de la recherche scientifique, de fa\u00e7on g\u00e9n\u00e9rale, rel\u00e8vent d\u2019abord de la n\u00e9cessit\u00e9 pour l\u2019homme de mieux comprendre son environnement imm\u00e9diat et lointain. Cela implique de mieux connaitre de quoi est constitu\u00e9e la mati\u00e8re qui l\u2019entoure, les mat\u00e9riaux dont il se sert pour son existence dans cet environnement afin de continuer \u00e0 am\u00e9liorer sa condition en tant qu\u2019\u00eatre vivant.<\/p>\n<p>Ensuite, pour ce qui est du bois et la for\u00eat, la connaissance du mat\u00e9riau et le fonctionnement des \u00e9cosyst\u00e8mes forestiers permet de mieux utiliser le bois et de g\u00e9rer les for\u00eats qui le produisent de fa\u00e7on \u00e0 garantir la qualit\u00e9 et la quantit\u00e9 de cette production pour les g\u00e9n\u00e9rations futures limitant ainsi les rejets de CO<sub>2<\/sub> en grande partie responsable du ph\u00e9nom\u00e8ne de r\u00e9chauffement climatique.<\/p>\n<p><strong>Des conseils pour les jeunes chercheurs?<\/strong><\/p>\n<p>L\u2019activit\u00e9 de recherche s\u2019organise essentiellement autour de 3 moments\u00a0: la conception du sujet (diagnostiquer, soulever la probl\u00e9matique, poser des hypoth\u00e8ses, choisir la ou les m\u00e9thodes), la collecte des donn\u00e9es, leur traitement et valorisation.<\/p>\n<p>En tant que jeunes chercheurs (doctorant) g\u00e9n\u00e9ralement l\u2019on trouve le sujet d\u00e9j\u00e0 propos\u00e9, l\u2019on doit s\u2019occuper alors de la collecte des donn\u00e9es et leur valorisation. Pour mener \u00e0 bien son travail un jeune chercheur aura besoin entre autres du mat\u00e9riel y compris des \u00e9quipements (parfois simple d\u2019utilisation, parfois demande que quelqu\u2019un d\u2019autre vous explique ou le fasse \u00e0 votre place)\u00a0; il aura besoin d\u2019autres connaissances scientifiques pour mieux exploiter certains aspects de son sujet qui \u00e9mergent au fur et \u00e0 mesure de l\u2019avancement\u00a0; en travaillant en interdisciplinarit\u00e9 il aura sans doute aussi besoin d\u2019une ou plusieurs collaborations avec d\u2019autres membres soit de son laboratoire soit d\u2019ailleurs\u00a0; enfin il aura besoin d\u2019assurer son avenir professionnel.<\/p>\n<p>Tout cela demande souvent de l\u2019initiative personnelle, de l\u2019organisation, de la motivation, de la curiosit\u00e9 intellectuelle, de la patience, de la pers\u00e9v\u00e9rance, de l\u2019esprit d\u2019\u00e9quipe, car de nombreuses p\u00e9riodes de doute et d\u2019incertitude ne manquent presque jamais.<\/p>\n<p><strong>Votre travail est-il le fruit d&rsquo;une collaboration. Si oui, comment cette collaboration a-t-elle influenc\u00e9 votre travail?<\/strong><\/p>\n<p>La notion de collaboration fait partie int\u00e9grante de mon travail, puisque mon sujet de th\u00e8se est un fruit de collaboration entre le LERMaB et le LERFoB au travers du LAbEx ARBRE. En pratique, le LERMaB apporte des comp\u00e9tences en mati\u00e8re de proc\u00e9d\u00e9s et pr\u00e9servation du bois dont le traitement thermique du bois est une des prouesses, gr\u00e2ce \u00e0 son \u00e9quipe sp\u00e9cialis\u00e9e dans l\u2019analyse chimique du bois et le d\u00e9veloppement de nouvelles m\u00e9thodes de valorisation et de pr\u00e9servation du bois. En compl\u00e9ment \u00e0 cela, le LERFoB nous fournit son expertise en mati\u00e8re de sylviculture et son impact sur la croissance et donc la formation du bois, gr\u00e2ce \u00e0 son \u00e9quipe sp\u00e9cialis\u00e9e dans la qualit\u00e9 du bois.<\/p>\n<p>Gr\u00e2ce \u00e0 ce foisonnement de comp\u00e9tences, j\u2019ai pu avancer dans mon travail en r\u00e9alisant des exp\u00e9riences de traitement thermique au LERMaB sur du bois de ch\u00eane (<em>Quercus petraea<\/em> Liebl.) et sapin (<em>Abies alba<\/em>) fourni par le LERFoB avec dans la foul\u00e9e l\u2019\u00e9tude des densit\u00e9s avant et apr\u00e8s traitement au moyen du scanner \u00e0 rayons-X et le micro-densitom\u00e8tre dont ils disposent sur le site de l\u2019INRA Champenoux. La valorisation scientifique de mes travaux a \u00e9t\u00e9 aussi facilit\u00e9e par les apports compl\u00e9mentaires qu\u2019ont pu apporter les deux \u00e9quipes notamment dans l\u2019interpr\u00e9tation des r\u00e9sultats.<\/p>\n<p><a href=\"https:\/\/mycor.iam.inrae.fr\/ARBRE\/wp-content\/uploads\/2016\/01\/wood-group-1.png\"><img loading=\"lazy\" decoding=\"async\" class=\"alignleft size-full wp-image-8852\" src=\"https:\/\/mycor.iam.inrae.fr\/ARBRE\/wp-content\/uploads\/2016\/01\/wood-group-1.png\" alt=\"wood group 1\" width=\"1025\" height=\"187\" \/><\/a><\/p>\n<p><strong>Enfin, quels sont vos projets scientifiques pour l&rsquo;avenir (\u00e0 court ou long terme)?<\/strong><\/p>\n<p>J\u2019ai encore pour l\u2019instant mon m\u00e9moire de th\u00e8se \u00e0 r\u00e9diger et la soutenance \u00e0 passer, mon contrat se terminant en octobre 2016. J\u2019aimerais poursuivre le travail de recherche sur la th\u00e9matique de la transformation thermique du bois\u00a0; de fa\u00e7on plus approfondie sur les m\u00e9canismes qui r\u00e9gissent la loi de d\u00e9gradation thermique du bois et ses constituants (cellulose, h\u00e9micelluloses, lignine, extractibles). Le but \u00e9tant d\u2019aboutir \u00e0 pr\u00e9dire le ph\u00e9nom\u00e8ne de perte de masse due \u00e0 la d\u00e9gradation thermique des constituants du bois et ainsi pouvoir penser \u00e0 d\u00e9velopper une m\u00e9thode plus affin\u00e9e de suivi de cycles de traitement pour un contr\u00f4le qualit\u00e9 du produit final. Cela suppose que je trouve un post-doc en France ou \u00e0 l\u2019\u00e9tranger.<\/p>\n<p>Pour l\u2019instant je n\u2019ai pas encore de proposition int\u00e9ressante. Ce qui m\u2019am\u00e8ne \u00e0 regarder d\u2019autres pistes notamment dans la valorisation \u00e9nerg\u00e9tique de la biomasse par exemple par voie de gaz\u00e9ification, tout en restant optimiste.<\/p>\n<p>&nbsp;<\/p>\n","protected":false},"excerpt":{"rendered":"<p>&nbsp; &nbsp; &nbsp; Jo\u00ebl Hamada Doctorant 14 Janvier 2016 _____________________ &nbsp; &nbsp; &nbsp; &nbsp; &nbsp; Jo\u00ebl Hamada est chercheur doctorant.\u00a0 Il travaille avec le Laboratoire d&rsquo;Etudes et des Recherches sur le Mat\u00e9riau Bois (LERMAB) \u00e0 l&rsquo;Universit\u00e9 de Lorraine et en &hellip; <a href=\"https:\/\/mycor.iam.inrae.fr\/ARBRE\/?page_id=8840\">Continuer la lecture <span class=\"meta-nav\">&rarr;<\/span><\/a><\/p>\n","protected":false},"author":4,"featured_media":0,"parent":2122,"menu_order":0,"comment_status":"closed","ping_status":"closed","template":"","meta":{"footnotes":""},"class_list":["post-8840","page","type-page","status-publish","hentry"],"_links":{"self":[{"href":"https:\/\/mycor.iam.inrae.fr\/ARBRE\/index.php?rest_route=\/wp\/v2\/pages\/8840","targetHints":{"allow":["GET"]}}],"collection":[{"href":"https:\/\/mycor.iam.inrae.fr\/ARBRE\/index.php?rest_route=\/wp\/v2\/pages"}],"about":[{"href":"https:\/\/mycor.iam.inrae.fr\/ARBRE\/index.php?rest_route=\/wp\/v2\/types\/page"}],"author":[{"embeddable":true,"href":"https:\/\/mycor.iam.inrae.fr\/ARBRE\/index.php?rest_route=\/wp\/v2\/users\/4"}],"replies":[{"embeddable":true,"href":"https:\/\/mycor.iam.inrae.fr\/ARBRE\/index.php?rest_route=%2Fwp%2Fv2%2Fcomments&post=8840"}],"version-history":[{"count":0,"href":"https:\/\/mycor.iam.inrae.fr\/ARBRE\/index.php?rest_route=\/wp\/v2\/pages\/8840\/revisions"}],"up":[{"embeddable":true,"href":"https:\/\/mycor.iam.inrae.fr\/ARBRE\/index.php?rest_route=\/wp\/v2\/pages\/2122"}],"wp:attachment":[{"href":"https:\/\/mycor.iam.inrae.fr\/ARBRE\/index.php?rest_route=%2Fwp%2Fv2%2Fmedia&parent=8840"}],"curies":[{"name":"wp","href":"https:\/\/api.w.org\/{rel}","templated":true}]}}