{"id":9444,"date":"2016-02-24T13:28:46","date_gmt":"2016-02-24T13:28:46","guid":{"rendered":"https:\/\/mycor.iam.inrae.fr\/ARBRE\/?page_id=9444"},"modified":"2016-02-24T16:30:53","modified_gmt":"2016-02-24T16:30:53","slug":"forets-mediterraneennes-et-alpines-face-aux-changements-climatiques-en-provence-alpes-cote-dazur","status":"publish","type":"page","link":"https:\/\/mycor.iam.inrae.fr\/ARBRE\/?page_id=9444","title":{"rendered":"SYLFORCLIM"},"content":{"rendered":"<p><a href=\"https:\/\/mycor.iam.inrae.fr\/ARBRE\/wp-content\/uploads\/2016\/02\/Screenshot-2016-02-24-13.13.05.png\"><img loading=\"lazy\" decoding=\"async\" class=\"alignleft size-full wp-image-9445\" src=\"https:\/\/mycor.iam.inrae.fr\/ARBRE\/wp-content\/uploads\/2016\/02\/Screenshot-2016-02-24-13.13.05.png\" alt=\"Screenshot 2016-02-24 13.13.05\" width=\"1177\" height=\"784\" \/><\/a><\/p>\n<p>&nbsp;<\/p>\n<p><strong>For\u00eats m\u00e9diterran\u00e9ennes et alpines face aux changements climatiques en Provence-Alpes-C\u00f4te d\u2019Azur \u2014 <\/strong><strong>M\u00e9thodologie de construction d\u2019une carte de vigilance p\u00e9doclimatique, validation d\u2019indices de compensation du climat, strat\u00e9gies d\u2019adaptation\u00a0: exemple de pinus sylvestris<\/strong><\/p>\n<p><em>Responsable scientifique <\/em>: Pauline Marty, Centre R\u00e9gional de la Propri\u00e9t\u00e9 Foresti\u00e8re (CRPF) Provence-Alpes-C\u00f4te d&rsquo;Azur<\/p>\n<p><em>Partenaires LabEx <\/em>: Centre National de la Propri\u00e9t\u00e9 Foresti\u00e8re (CNPF)<\/p>\n<p><em>Collaboration<\/em>:\u00a0 Institut national de recherche en sciences et technologies pour l&rsquo;environnement et l&rsquo;agriculture (IRSTEA)<\/p>\n<p>___________________________________________________________<\/p>\n<p><strong>\u00a0Contexte et d\u00e9marche <\/strong><\/p>\n<p>L\u2019\u00e9tude de l\u2019\u00e9volution du climat sur les 50 derni\u00e8res ann\u00e9es r\u00e9v\u00e8le que Provence-Alpes-C\u00f4te d\u2019Azur est la r\u00e9gion de France la plus touch\u00e9e par ces changements. C\u2019est une des r\u00e9gions o\u00f9 le plus de d\u00e9p\u00e9rissements a \u00e9t\u00e9 enregistr\u00e9 ces derni\u00e8res d\u00e9cennies. Le pin sylvestre, tr\u00e8s pr\u00e9sent en PACA, est fortement impact\u00e9e par les s\u00e9cheresses \u00e0 r\u00e9p\u00e9tition des ann\u00e9es 2000. Les enjeux pour la fili\u00e8re bois sont donc forts sans compter les effets sur la biodiversit\u00e9, la multifonctionnalit\u00e9 et le risque incendie qui serait accru.<br \/>\nCe projet a pour objectif de produire un outil num\u00e9rique directement utilisable par les gestionnaires et propri\u00e9taires forestiers, leur permettant de conna\u00eetre le niveau de vigilance vis-\u00e0-vis du changement climatique.<br \/>\nIl se d\u00e9coupe en deux volets compl\u00e9mentaires\u00a0:<\/p>\n<ul>\n<li>\u00a01 \u2014 Etablissement d\u2019une carte de vigilance climatique p\u00e9doclimatique, \u00e0 partir de la m\u00e9thode Bioclimsol, enrichie par la prise en compte des facteurs compensateurs\/aggravants des effets du climat \u00e0 partir d\u2019indices de g\u00e9omorphologie, d&rsquo;hydrologie et de donn\u00e9es de terrain li\u00e9s au sol. Les donn\u00e9es du climat futur (DRIAS) seront int\u00e9gr\u00e9es \u00e0 l\u2019outil pour \u00e9valuer le risque \u00e0 plusieurs \u00e9ch\u00e9ances.<\/li>\n<\/ul>\n<ul>\n<li>2 \u2014 Identifier, en concertation avec les gestionnaires, les strat\u00e9gies d\u2019adaptation pouvant \u00eatre mises en \u0153uvre en fonction du niveau de vigilance \u00e0 avoir face au changement climatique.<\/li>\n<\/ul>\n<p>&nbsp;<\/p>\n<p><a href=\"https:\/\/mycor.iam.inrae.fr\/ARBRE\/wp-content\/uploads\/2016\/02\/credit-photo.png\"><img loading=\"lazy\" decoding=\"async\" class=\"alignleft  wp-image-9487\" src=\"https:\/\/mycor.iam.inrae.fr\/ARBRE\/wp-content\/uploads\/2016\/02\/credit-photo.png\" alt=\"credit photo\" width=\"302\" height=\"35\" \/><\/a><\/p>\n","protected":false},"excerpt":{"rendered":"<p>&nbsp; For\u00eats m\u00e9diterran\u00e9ennes et alpines face aux changements climatiques en Provence-Alpes-C\u00f4te d\u2019Azur \u2014 M\u00e9thodologie de construction d\u2019une carte de vigilance p\u00e9doclimatique, validation d\u2019indices de compensation du climat, strat\u00e9gies d\u2019adaptation\u00a0: exemple de pinus sylvestris Responsable scientifique : Pauline Marty, Centre R\u00e9gional &hellip; <a href=\"https:\/\/mycor.iam.inrae.fr\/ARBRE\/?page_id=9444\">Continuer la lecture <span class=\"meta-nav\">&rarr;<\/span><\/a><\/p>\n","protected":false},"author":4,"featured_media":0,"parent":2122,"menu_order":0,"comment_status":"closed","ping_status":"closed","template":"","meta":{"footnotes":""},"class_list":["post-9444","page","type-page","status-publish","hentry"],"_links":{"self":[{"href":"https:\/\/mycor.iam.inrae.fr\/ARBRE\/index.php?rest_route=\/wp\/v2\/pages\/9444","targetHints":{"allow":["GET"]}}],"collection":[{"href":"https:\/\/mycor.iam.inrae.fr\/ARBRE\/index.php?rest_route=\/wp\/v2\/pages"}],"about":[{"href":"https:\/\/mycor.iam.inrae.fr\/ARBRE\/index.php?rest_route=\/wp\/v2\/types\/page"}],"author":[{"embeddable":true,"href":"https:\/\/mycor.iam.inrae.fr\/ARBRE\/index.php?rest_route=\/wp\/v2\/users\/4"}],"replies":[{"embeddable":true,"href":"https:\/\/mycor.iam.inrae.fr\/ARBRE\/index.php?rest_route=%2Fwp%2Fv2%2Fcomments&post=9444"}],"version-history":[{"count":0,"href":"https:\/\/mycor.iam.inrae.fr\/ARBRE\/index.php?rest_route=\/wp\/v2\/pages\/9444\/revisions"}],"up":[{"embeddable":true,"href":"https:\/\/mycor.iam.inrae.fr\/ARBRE\/index.php?rest_route=\/wp\/v2\/pages\/2122"}],"wp:attachment":[{"href":"https:\/\/mycor.iam.inrae.fr\/ARBRE\/index.php?rest_route=%2Fwp%2Fv2%2Fmedia&parent=9444"}],"curies":[{"name":"wp","href":"https:\/\/api.w.org\/{rel}","templated":true}]}}