{"id":9461,"date":"2016-02-24T14:01:24","date_gmt":"2016-02-24T14:01:24","guid":{"rendered":"https:\/\/mycor.iam.inrae.fr\/ARBRE\/?page_id=9461"},"modified":"2016-02-24T14:02:15","modified_gmt":"2016-02-24T14:02:15","slug":"prestation-no","status":"publish","type":"page","link":"https:\/\/mycor.iam.inrae.fr\/ARBRE\/?page_id=9461","title":{"rendered":"PRESTATION-NO"},"content":{"rendered":"<p><strong>Pr\u00e9diction spatiale des stations foresti\u00e8res dans le Nord-Ouest de la France \u2014 Test et faisabilit\u00e9 de diff\u00e9rentes m\u00e9thodologies pour la mise en place de cartes pr\u00e9dictives des stations foresti\u00e8res en Normandie, Nord-Pas-de-Calais, Picardie, \u00cele-de-France et Centre<\/strong><\/p>\n<p><em>Responsable scientifique <\/em>:\u00a0 Forentin Madrolles, Charg\u00e9 de mission, ECOGEODYN au sein de la cellule R&amp;D du CRPF Normandie<\/p>\n<p><em>Partenaires<\/em> :<\/p>\n<ul>\n<li>LERFOB<\/li>\n<li>ONF<\/li>\n<li>CNPF<\/li>\n<\/ul>\n<p><em>Collaborations <\/em>:<\/p>\n<ul>\n<li>INRA Orl\u00e9ans (Gis sol, RMT Sol)<\/li>\n<li>CRPF \u00cele-de-France-Centre-Val-de-Loire<\/li>\n<li>CRPF Nord-Pas-de-Calais-Picardie<\/li>\n<li>CRPF Normandie (chef de file)<\/li>\n<li>IDF<\/li>\n<li>Chambre d&rsquo;agriculture de l&rsquo;Indre (RMT Sol)<\/li>\n<\/ul>\n<p>__________________________________________________________________<\/p>\n<p>&nbsp;<\/p>\n<p><strong>Contexte <\/strong>\u2014 L\u2019un des enjeux actuel et futur du gestionnaire forestier consiste principalement en la prise en compte des changements climatiques dans un contexte de mobilisation suppl\u00e9mentaire de bois. Une connaissance fine des stations foresti\u00e8res et du climat permet de s\u00e9lectionner les essences foresti\u00e8res les plus adapt\u00e9es et d\u2019anticiper les \u00e9volutions climatiques en p\u00e9rennisant la production et l\u2019\u00e9cosyst\u00e8me forestier.<\/p>\n<p><strong>Objectifs<\/strong> \u2014 Ce projet pr\u00e9voit l\u2019\u00e9laboration de cartes pr\u00e9dictives de stations foresti\u00e8res pour la Normandie, le Nord-Pas-de-Calais, la Picardie, l\u2019Ile de France et le Centre, associ\u00e9es \u00e0 un r\u00e9pertoire de cartes climatiques compl\u00e9mentaires. L\u2019\u00e9laboration de ces cartes n\u00e9cessitera plusieurs \u00e9tapes successives\u00a0:<\/p>\n<ul>\n<li>le cadre m\u00e9thodologique sera pr\u00e9cis\u00e9 sur la base du projet ECOGEODYN,<\/li>\n<\/ul>\n<ul>\n<li>des bases de donn\u00e9es de relev\u00e9s de terrain et de cartographies seront collect\u00e9es, crois\u00e9es et transform\u00e9es,<\/li>\n<\/ul>\n<ul>\n<li>une phase de mod\u00e9lisation, de spatialisation et de reclassification de facteurs \u00e9cologiques structurant la r\u00e9partition des stations foresti\u00e8res sera r\u00e9alis\u00e9e \u00e0 partir de l\u2019analyse des bases de donn\u00e9es, des guides de stations existants et du test de m\u00e9thodologies et de cartographies p\u00e9dologiques,<\/li>\n<\/ul>\n<ul>\n<li>les cartes des facteurs \u00e9cologiques seront crois\u00e9es pour obtenir la carte pr\u00e9dictive des stations foresti\u00e8res qui sera valid\u00e9e sur le terrain.<\/li>\n<\/ul>\n<p>Les cartes produites seront mises en parall\u00e8le des guides de stations existants et faciliteront la mise en place de cartes de stations foresti\u00e8res. Une fois identifi\u00e9es, les unit\u00e9s stationnelles pourront \u00eatre coupl\u00e9es \u00e0 des cartes climatiques. Les cartes produites pourront \u00eatre utilis\u00e9es, \u00e0 diverses \u00e9chelles, pour la mise en place d\u2019\u00e9tudes, d\u2019exp\u00e9rimentations, etc. en contexte de changement climatique.<\/p>\n<p>&nbsp;<\/p>\n","protected":false},"excerpt":{"rendered":"<p>Pr\u00e9diction spatiale des stations foresti\u00e8res dans le Nord-Ouest de la France \u2014 Test et faisabilit\u00e9 de diff\u00e9rentes m\u00e9thodologies pour la mise en place de cartes pr\u00e9dictives des stations foresti\u00e8res en Normandie, Nord-Pas-de-Calais, Picardie, \u00cele-de-France et Centre Responsable scientifique :\u00a0 Forentin &hellip; <a href=\"https:\/\/mycor.iam.inrae.fr\/ARBRE\/?page_id=9461\">Continuer la lecture <span class=\"meta-nav\">&rarr;<\/span><\/a><\/p>\n","protected":false},"author":4,"featured_media":0,"parent":2122,"menu_order":0,"comment_status":"closed","ping_status":"closed","template":"","meta":{"footnotes":""},"class_list":["post-9461","page","type-page","status-publish","hentry"],"_links":{"self":[{"href":"https:\/\/mycor.iam.inrae.fr\/ARBRE\/index.php?rest_route=\/wp\/v2\/pages\/9461","targetHints":{"allow":["GET"]}}],"collection":[{"href":"https:\/\/mycor.iam.inrae.fr\/ARBRE\/index.php?rest_route=\/wp\/v2\/pages"}],"about":[{"href":"https:\/\/mycor.iam.inrae.fr\/ARBRE\/index.php?rest_route=\/wp\/v2\/types\/page"}],"author":[{"embeddable":true,"href":"https:\/\/mycor.iam.inrae.fr\/ARBRE\/index.php?rest_route=\/wp\/v2\/users\/4"}],"replies":[{"embeddable":true,"href":"https:\/\/mycor.iam.inrae.fr\/ARBRE\/index.php?rest_route=%2Fwp%2Fv2%2Fcomments&post=9461"}],"version-history":[{"count":0,"href":"https:\/\/mycor.iam.inrae.fr\/ARBRE\/index.php?rest_route=\/wp\/v2\/pages\/9461\/revisions"}],"up":[{"embeddable":true,"href":"https:\/\/mycor.iam.inrae.fr\/ARBRE\/index.php?rest_route=\/wp\/v2\/pages\/2122"}],"wp:attachment":[{"href":"https:\/\/mycor.iam.inrae.fr\/ARBRE\/index.php?rest_route=%2Fwp%2Fv2%2Fmedia&parent=9461"}],"curies":[{"name":"wp","href":"https:\/\/api.w.org\/{rel}","templated":true}]}}