{"id":2255,"date":"2013-07-03T14:36:02","date_gmt":"2013-07-03T14:36:02","guid":{"rendered":"https:\/\/mycor.iam.inrae.fr\/IAM\/?page_id=2255"},"modified":"2025-01-21T15:42:06","modified_gmt":"2025-01-21T15:42:06","slug":"les-3-equipes-fonctionnelles","status":"publish","type":"page","link":"https:\/\/mycor.iam.inrae.fr\/IAM\/?page_id=2255","title":{"rendered":"Organisation et th\u00e8mes de recherche de l&#8217;Unit\u00e9 IAM"},"content":{"rendered":"<p style=\"text-align: justify;\"><a href=\"https:\/\/mycor.iam.inrae.fr\/IAM\/?page_id=215\"><img loading=\"lazy\" decoding=\"async\" class=\" wp-image-1697 alignright\" src=\"https:\/\/mycor.iam.inrae.fr\/IAM\/wp-content\/uploads\/2013\/06\/grande_bretagne_1606-150x150.gif\" alt=\"grande_bretagne_1606\" width=\"12\" height=\"12\" \/><\/a><strong>L\u2019Unit\u00e9 Mixte de Recherche 1136 Interactions Arbres\/Micro-organismes<\/strong> est une des composantes du P\u00f4le Scientifique de l&#8217;Universit\u00e9 de Lorraine <strong>A2F<\/strong> (<strong>A<\/strong>gronomie, <strong>A<\/strong>groalimentaire, <strong>F<\/strong>or\u00eat ) et du Programme Interdisciplinaire <strong>ARTEMIS<\/strong> (<strong>A<\/strong>dvanced <strong>R<\/strong>esearch and educa<strong>T<\/strong>ion on the biology, the <strong>E<\/strong>cology, the <strong>M<\/strong>anagement and the b<strong>I<\/strong>omonItoring of forest eco<strong>S<\/strong>ystems in a changing world). Elle est plac\u00e9e sous la double tutelle INRAE (d\u00e9partement <strong>ECODIV<\/strong> : <i>Ecologie et Biodiversit\u00e9<\/i>) .<\/p>\n<p style=\"text-align: justify;\"><img loading=\"lazy\" decoding=\"async\" class=\"aligncenter size-large wp-image-6947\" src=\"https:\/\/mycor.iam.inrae.fr\/IAM\/wp-content\/uploads\/2016\/03\/Photo-groupe-UMR-07-07-16-reduit-1024x598.jpg\" alt=\"Photo groupe UMR 07-07-16 - reduit\" width=\"584\" height=\"341\" srcset=\"https:\/\/mycor.iam.inrae.fr\/IAM\/wp-content\/uploads\/2016\/03\/Photo-groupe-UMR-07-07-16-reduit-1024x598.jpg 1024w, https:\/\/mycor.iam.inrae.fr\/IAM\/wp-content\/uploads\/2016\/03\/Photo-groupe-UMR-07-07-16-reduit-300x175.jpg 300w, https:\/\/mycor.iam.inrae.fr\/IAM\/wp-content\/uploads\/2016\/03\/Photo-groupe-UMR-07-07-16-reduit-768x448.jpg 768w, https:\/\/mycor.iam.inrae.fr\/IAM\/wp-content\/uploads\/2016\/03\/Photo-groupe-UMR-07-07-16-reduit-500x292.jpg 500w\" sizes=\"auto, (max-width: 584px) 100vw, 584px\" \/><\/p>\n<p style=\"text-align: justify;\">Son Directeur actuel est <strong>Pascal Frey<\/strong> assist\u00e9 de <strong>Claire Veneault Fourrey<\/strong> et\u00a0 A<strong>rnaud Hecker<\/strong> (<strong><a href=\"https:\/\/mycor.iam.inrae.fr\/IAM\/?page_id=226\">Direction et Gestion<\/a><\/strong>)<\/p>\n<p style=\"text-align: justify;\">Quatre \u00e9quipes fonctionnelles la composent:<\/p>\n<h4><span style=\"text-decoration: underline;\">Sur le campus <a href=\"http:\/\/www.nancy.inra.fr\/\">INRAE Nancy-Lorraine <\/a>\u00e0 Champenoux<\/span> :<\/h4>\n<ul>\n<li>L&#8217;\u00e9quipe <a href=\"https:\/\/mycor.iam.inrae.fr\/IAM\/?page_id=219\">&#8220;<strong>Ecog\u00e9nomique des interactions<\/strong>&#8220;<\/a>\u00a0dirig\u00e9e par <strong>Marc Bu\u00e9e<br \/>\n<\/strong><\/li>\n<li>L&#8217;\u00e9quipe <a href=\"https:\/\/mycor.iam.inrae.fr\/IAM\/?page_id=224\">&#8220;<strong>Ecologie des champignons pathog\u00e8nes forestiers<\/strong>&#8220;<\/a> dirig\u00e9e par <strong>Fabien Halkett<br \/>\n<\/strong><\/li>\n<li>L&#8217;\u00e9quipe &#8220;<a href=\"https:\/\/mycor.iam.inrae.fr\/IAM\/?page_id=12425\"><strong>Tous Chercheurs<\/strong><\/a>&#8216; dirig\u00e9e par <strong>Pascale Frey Klett<\/strong><\/li>\n<\/ul>\n<h4><span style=\"text-decoration: underline;\">Sur le campus de l&#8217;<a href=\"http:\/\/www.univ-lorraine.fr\/content\/facult\u00e9-des-sciences-et-technologies\">Universit\u00e9 de Lorraine<\/a> \u00e0 Vandoeuvre-Les-Nancy<\/span> :<\/h4>\n<ul>\n<li>L&#8217;\u00e9quipe <a href=\"https:\/\/mycor.iam.inrae.fr\/IAM\/?page_id=222\">&#8220;<strong>R\u00e9ponses aux stress et r\u00e9gulation redox<\/strong>&#8220;<\/a> dirig\u00e9e par <strong>M\u00e9lanie Morel-Rouhier<\/strong><\/li>\n<\/ul>\n","protected":false},"excerpt":{"rendered":"<p>L\u2019Unit\u00e9 Mixte de Recherche 1136 Interactions Arbres\/Micro-organismes est une des composantes du P\u00f4le Scientifique de l&#8217;Universit\u00e9 de Lorraine A2F (Agronomie, Agroalimentaire, For\u00eat ) et du Programme Interdisciplinaire ARTEMIS (Advanced Research and educaTion on the biology, the Ecology, the Management and &hellip; <a href=\"https:\/\/mycor.iam.inrae.fr\/IAM\/?page_id=2255\">Continue reading <span class=\"meta-nav\">&rarr;<\/span><\/a><\/p>\n","protected":false},"author":7,"featured_media":0,"parent":0,"menu_order":0,"comment_status":"closed","ping_status":"closed","template":"","meta":{"footnotes":""},"class_list":["post-2255","page","type-page","status-publish","hentry"],"_links":{"self":[{"href":"https:\/\/mycor.iam.inrae.fr\/IAM\/index.php?rest_route=\/wp\/v2\/pages\/2255","targetHints":{"allow":["GET"]}}],"collection":[{"href":"https:\/\/mycor.iam.inrae.fr\/IAM\/index.php?rest_route=\/wp\/v2\/pages"}],"about":[{"href":"https:\/\/mycor.iam.inrae.fr\/IAM\/index.php?rest_route=\/wp\/v2\/types\/page"}],"author":[{"embeddable":true,"href":"https:\/\/mycor.iam.inrae.fr\/IAM\/index.php?rest_route=\/wp\/v2\/users\/7"}],"replies":[{"embeddable":true,"href":"https:\/\/mycor.iam.inrae.fr\/IAM\/index.php?rest_route=%2Fwp%2Fv2%2Fcomments&post=2255"}],"version-history":[{"count":5,"href":"https:\/\/mycor.iam.inrae.fr\/IAM\/index.php?rest_route=\/wp\/v2\/pages\/2255\/revisions"}],"predecessor-version":[{"id":12918,"href":"https:\/\/mycor.iam.inrae.fr\/IAM\/index.php?rest_route=\/wp\/v2\/pages\/2255\/revisions\/12918"}],"wp:attachment":[{"href":"https:\/\/mycor.iam.inrae.fr\/IAM\/index.php?rest_route=%2Fwp%2Fv2%2Fmedia&parent=2255"}],"curies":[{"name":"wp","href":"https:\/\/api.w.org\/{rel}","templated":true}]}}